{"id":9596,"date":"2026-08-27T13:30:16","date_gmt":"2026-08-27T16:30:16","guid":{"rendered":"https:\/\/www.camara-sl.org.ar\/website\/?page_id=9596"},"modified":"2026-09-01T09:56:11","modified_gmt":"2026-09-01T12:56:11","slug":"mes-de-la-industria-2026","status":"publish","type":"page","link":"https:\/\/www.camara-sl.org.ar\/website\/mes-de-la-industria-2026\/","title":{"rendered":"Mes de la Industria 2026"},"content":{"rendered":"\t\t<div data-elementor-type=\"wp-page\" data-elementor-id=\"9596\" class=\"elementor elementor-9596\">\n\t\t\t\t\t\t<section class=\"elementor-section elementor-top-section elementor-element elementor-element-f138c6c elementor-section-full_width elementor-section-height-default elementor-section-height-default\" data-id=\"f138c6c\" data-element_type=\"section\" data-e-type=\"section\" data-settings=\"{&quot;background_background&quot;:&quot;gradient&quot;}\">\n\t\t\t\t\t\t<div class=\"elementor-container elementor-column-gap-default\">\n\t\t\t\t\t<div class=\"elementor-column elementor-col-100 elementor-top-column elementor-element elementor-element-6468015\" data-id=\"6468015\" data-element_type=\"column\" data-e-type=\"column\">\n\t\t\t<div class=\"elementor-widget-wrap elementor-element-populated\">\n\t\t\t\t\t\t<div class=\"elementor-element elementor-element-433ae8d elementor-widget__width-initial elementor-widget elementor-widget-image\" data-id=\"433ae8d\" data-element_type=\"widget\" data-e-type=\"widget\" data-widget_type=\"image.default\">\n\t\t\t\t<div class=\"elementor-widget-container\">\n\t\t\t\t\t\t\t\t\t\t\t\t\t\t\t<img fetchpriority=\"high\" decoding=\"async\" width=\"626\" height=\"213\" src=\"https:\/\/www.camara-sl.org.ar\/website\/wp-content\/uploads\/2026\/08\/Recurso-9.svg\" class=\"attachment-full size-full wp-image-9622\" alt=\"\" \/>\t\t\t\t\t\t\t\t\t\t\t\t\t\t\t<\/div>\n\t\t\t\t<\/div>\n\t\t\t\t\t<\/div>\n\t\t<\/div>\n\t\t\t\t\t<\/div>\n\t\t<\/section>\n\t\t\t\t<section class=\"elementor-section elementor-top-section elementor-element elementor-element-63836b0 elementor-section-boxed elementor-section-height-default elementor-section-height-default\" data-id=\"63836b0\" data-element_type=\"section\" data-e-type=\"section\">\n\t\t\t\t\t\t<div class=\"elementor-container elementor-column-gap-default\">\n\t\t\t\t\t<div class=\"elementor-column elementor-col-100 elementor-top-column elementor-element elementor-element-0fb87a8\" data-id=\"0fb87a8\" data-element_type=\"column\" data-e-type=\"column\">\n\t\t\t<div class=\"elementor-widget-wrap elementor-element-populated\">\n\t\t\t\t\t\t<div class=\"elementor-element elementor-element-dfb0485 elementor-widget elementor-widget-heading\" data-id=\"dfb0485\" data-element_type=\"widget\" data-e-type=\"widget\" data-widget_type=\"heading.default\">\n\t\t\t\t<div class=\"elementor-widget-container\">\n\t\t\t\t\t<h2 class=\"elementor-heading-title elementor-size-default\">Poner en valor nuestra industria<\/h2>\t\t\t\t<\/div>\n\t\t\t\t<\/div>\n\t\t\t\t\t<\/div>\n\t\t<\/div>\n\t\t\t\t\t<\/div>\n\t\t<\/section>\n\t\t\t\t<section class=\"elementor-section elementor-top-section elementor-element elementor-element-61a9e28 elementor-section-boxed elementor-section-height-default elementor-section-height-default\" data-id=\"61a9e28\" data-element_type=\"section\" data-e-type=\"section\">\n\t\t\t\t\t\t<div class=\"elementor-container elementor-column-gap-default\">\n\t\t\t\t\t<div class=\"elementor-column elementor-col-100 elementor-top-column elementor-element elementor-element-ae44c98\" data-id=\"ae44c98\" data-element_type=\"column\" data-e-type=\"column\">\n\t\t\t<div class=\"elementor-widget-wrap elementor-element-populated\">\n\t\t\t\t\t\t<div class=\"elementor-element elementor-element-8c32904 elementor-widget elementor-widget-text-editor\" data-id=\"8c32904\" data-element_type=\"widget\" data-e-type=\"widget\" data-widget_type=\"text-editor.default\">\n\t\t\t\t<div class=\"elementor-widget-container\">\n\t\t\t\t\t\t\t\t\t<p>Una iniciativa enfocada en fortalecer el ecosistema productivo local, creando conexiones y generando informaci\u00f3n estrat\u00e9gica<\/p>\t\t\t\t\t\t\t\t<\/div>\n\t\t\t\t<\/div>\n\t\t\t\t\t<\/div>\n\t\t<\/div>\n\t\t\t\t\t<\/div>\n\t\t<\/section>\n\t\t\t\t<section class=\"elementor-section elementor-top-section elementor-element elementor-element-e113fad elementor-section-boxed elementor-section-height-default elementor-section-height-default\" data-id=\"e113fad\" data-element_type=\"section\" data-e-type=\"section\">\n\t\t\t\t\t\t<div class=\"elementor-container elementor-column-gap-default\">\n\t\t\t\t\t<div class=\"elementor-column elementor-col-33 elementor-top-column elementor-element elementor-element-de0f26e\" data-id=\"de0f26e\" data-element_type=\"column\" data-e-type=\"column\">\n\t\t\t<div class=\"elementor-widget-wrap elementor-element-populated\">\n\t\t\t\t\t\t<div class=\"elementor-element elementor-element-59d53ec e-transform elementor-view-default elementor-position-block-start elementor-mobile-position-block-start elementor-widget elementor-widget-icon-box\" data-id=\"59d53ec\" data-element_type=\"widget\" data-e-type=\"widget\" data-settings=\"{&quot;_transform_scale_effect_hover&quot;:{&quot;unit&quot;:&quot;px&quot;,&quot;size&quot;:1.100000000000000088817841970012523233890533447265625,&quot;sizes&quot;:[]},&quot;_transform_scale_effect_hover_tablet&quot;:{&quot;unit&quot;:&quot;px&quot;,&quot;size&quot;:&quot;&quot;,&quot;sizes&quot;:[]},&quot;_transform_scale_effect_hover_mobile&quot;:{&quot;unit&quot;:&quot;px&quot;,&quot;size&quot;:&quot;&quot;,&quot;sizes&quot;:[]}}\" data-widget_type=\"icon-box.default\">\n\t\t\t\t<div class=\"elementor-widget-container\">\n\t\t\t\t\t\t\t<div class=\"elementor-icon-box-wrapper\">\n\n\t\t\t\t\t\t<div class=\"elementor-icon-box-icon\">\n\t\t\t\t<span  class=\"elementor-icon\">\n\t\t\t\t<svg xmlns=\"http:\/\/www.w3.org\/2000\/svg\" viewBox=\"0 0 36 34.5\"><defs><style>.cls-1{fill:#a00014;}<\/style><\/defs><g id=\"Capa_2\" data-name=\"Capa 2\"><g id=\"Capa_1-2\" data-name=\"Capa 1\"><path class=\"cls-1\" d=\"M9,34.5a4.5,4.5,0,1,1,0-9,4.17,4.17,0,0,1,1,.11,5.94,5.94,0,0,1,.87.3L13,23.25a6.67,6.67,0,0,1-1.46-2.62,7.1,7.1,0,0,1-.19-2.93l-3-1a5.12,5.12,0,0,1-1.61,1.5,4.34,4.34,0,0,1-2.18.56,4.37,4.37,0,0,1-3.19-1.31,4.54,4.54,0,0,1,0-6.38A4.37,4.37,0,0,1,4.5,9.75a4.37,4.37,0,0,1,3.19,1.31A4.37,4.37,0,0,1,9,14.25v.3l3,1a7.31,7.31,0,0,1,2-2.29,6.55,6.55,0,0,1,2.84-1.2V8.85a4.64,4.64,0,0,1-2.42-1.59,4.25,4.25,0,0,1-1-2.76,4.37,4.37,0,0,1,1.31-3.19,4.54,4.54,0,0,1,6.38,0A4.37,4.37,0,0,1,22.5,4.5a4.21,4.21,0,0,1-1,2.76,4.83,4.83,0,0,1-2.4,1.59v3.26A6.56,6.56,0,0,1,22,13.31a7.31,7.31,0,0,1,2,2.29l3-1v-.3a4.5,4.5,0,1,1,7.69,3.19,4.55,4.55,0,0,1-5.38.75,4.52,4.52,0,0,1-1.6-1.5l-3,1A6.8,6.8,0,0,1,23,23.25l2.13,2.63a4.23,4.23,0,0,1,.87-.29,4.85,4.85,0,0,1,1-.09,4.51,4.51,0,1,1-4.26,3.06,5.2,5.2,0,0,1,.66-1.26l-2.14-2.66a6.68,6.68,0,0,1-6.56,0L12.6,27.3a4.87,4.87,0,0,1,.66,1.26A4.48,4.48,0,0,1,9,34.5Z\"><\/path><\/g><\/g><\/svg>\t\t\t\t<\/span>\n\t\t\t<\/div>\n\t\t\t\n\t\t\t\t\t\t<div class=\"elementor-icon-box-content\">\n\n\t\t\t\t\t\t\t\t\t<h2 class=\"elementor-icon-box-title\">\n\t\t\t\t\t\t<span  >\n\t\t\t\t\t\t\tConectar\t\t\t\t\t\t<\/span>\n\t\t\t\t\t<\/h2>\n\t\t\t\t\n\t\t\t\t\t\t\t\t\t<p class=\"elementor-icon-box-description\">\n\t\t\t\t\t\tEmpresas, instituciones y actores productivos para fomentar alianzas estrat\u00e9gicas.\t\t\t\t\t<\/p>\n\t\t\t\t\n\t\t\t<\/div>\n\t\t\t\n\t\t<\/div>\n\t\t\t\t\t\t<\/div>\n\t\t\t\t<\/div>\n\t\t\t\t\t<\/div>\n\t\t<\/div>\n\t\t\t\t<div class=\"elementor-column elementor-col-33 elementor-top-column elementor-element elementor-element-362a735\" data-id=\"362a735\" data-element_type=\"column\" data-e-type=\"column\">\n\t\t\t<div class=\"elementor-widget-wrap elementor-element-populated\">\n\t\t\t\t\t\t<div class=\"elementor-element elementor-element-c95163b e-transform elementor-view-default elementor-position-block-start elementor-mobile-position-block-start elementor-widget elementor-widget-icon-box\" data-id=\"c95163b\" data-element_type=\"widget\" data-e-type=\"widget\" data-settings=\"{&quot;_transform_scale_effect_hover&quot;:{&quot;unit&quot;:&quot;px&quot;,&quot;size&quot;:1.100000000000000088817841970012523233890533447265625,&quot;sizes&quot;:[]},&quot;_transform_scale_effect_hover_tablet&quot;:{&quot;unit&quot;:&quot;px&quot;,&quot;size&quot;:&quot;&quot;,&quot;sizes&quot;:[]},&quot;_transform_scale_effect_hover_mobile&quot;:{&quot;unit&quot;:&quot;px&quot;,&quot;size&quot;:&quot;&quot;,&quot;sizes&quot;:[]}}\" data-widget_type=\"icon-box.default\">\n\t\t\t\t<div class=\"elementor-widget-container\">\n\t\t\t\t\t\t\t<div class=\"elementor-icon-box-wrapper\">\n\n\t\t\t\t\t\t<div class=\"elementor-icon-box-icon\">\n\t\t\t\t<span  class=\"elementor-icon\">\n\t\t\t\t<svg xmlns=\"http:\/\/www.w3.org\/2000\/svg\" viewBox=\"0 0 29.66 29.65\"><defs><style>.cls-1{fill:#a00014;}<\/style><\/defs><g id=\"Capa_2\" data-name=\"Capa 2\"><g id=\"Capa_1-2\" data-name=\"Capa 1\"><path class=\"cls-1\" d=\"M.41,12.29,6.71,6A3,3,0,0,1,8,5.24a2.88,2.88,0,0,1,1.46-.07l1.95.41A34.2,34.2,0,0,0,8.17,9.93a33.3,33.3,0,0,0-2.25,4.72ZM8.1,15.7a23.1,23.1,0,0,1,2.34-5.1A25.27,25.27,0,0,1,14,6.1a21.66,21.66,0,0,1,7.54-4.93,14.84,14.84,0,0,1,7.91-1,14.8,14.8,0,0,1-1,7.91,21.28,21.28,0,0,1-4.91,7.54,25.65,25.65,0,0,1-4.5,3.58A22.81,22.81,0,0,1,14,21.59Zm10.35-4.5a3,3,0,0,0,5.1-2.11,3,3,0,0,0-3-3A2.86,2.86,0,0,0,18.45,7a2.89,2.89,0,0,0-.86,2.12A2.88,2.88,0,0,0,18.45,11.2Zm-1.05,18L15,23.73a34.18,34.18,0,0,0,4.74-2.25,32.9,32.9,0,0,0,4.37-3.19l.38,1.95A3.08,3.08,0,0,1,23.66,23ZM2.81,20.5A4.47,4.47,0,0,1,6,19.17a4.28,4.28,0,0,1,3.19,1.3,4.53,4.53,0,0,1,0,6.37,7.61,7.61,0,0,1-3.13,1.61A39.93,39.93,0,0,1,0,29.65a39.16,39.16,0,0,1,1.2-6A7.75,7.75,0,0,1,2.81,20.5Z\"><\/path><\/g><\/g><\/svg>\t\t\t\t<\/span>\n\t\t\t<\/div>\n\t\t\t\n\t\t\t\t\t\t<div class=\"elementor-icon-box-content\">\n\n\t\t\t\t\t\t\t\t\t<h2 class=\"elementor-icon-box-title\">\n\t\t\t\t\t\t<span  >\n\t\t\t\t\t\t\tImpulsar\t\t\t\t\t\t<\/span>\n\t\t\t\t\t<\/h2>\n\t\t\t\t\n\t\t\t\t\t\t\t\t\t<p class=\"elementor-icon-box-description\">\n\t\t\t\t\t\tNuevas oportunidades de negocios y crecimiento a trav\u00e9s de herramientas concretas.\t\t\t\t\t<\/p>\n\t\t\t\t\n\t\t\t<\/div>\n\t\t\t\n\t\t<\/div>\n\t\t\t\t\t\t<\/div>\n\t\t\t\t<\/div>\n\t\t\t\t\t<\/div>\n\t\t<\/div>\n\t\t\t\t<div class=\"elementor-column elementor-col-33 elementor-top-column elementor-element elementor-element-9372041\" data-id=\"9372041\" data-element_type=\"column\" data-e-type=\"column\">\n\t\t\t<div class=\"elementor-widget-wrap elementor-element-populated\">\n\t\t\t\t\t\t<div class=\"elementor-element elementor-element-026b5db e-transform e-transform elementor-view-default elementor-position-block-start elementor-mobile-position-block-start elementor-widget elementor-widget-icon-box\" data-id=\"026b5db\" data-element_type=\"widget\" data-e-type=\"widget\" data-settings=\"{&quot;_transform_scale_effect&quot;:{&quot;unit&quot;:&quot;px&quot;,&quot;size&quot;:1,&quot;sizes&quot;:[]},&quot;_transform_scale_effect_hover&quot;:{&quot;unit&quot;:&quot;px&quot;,&quot;size&quot;:1.100000000000000088817841970012523233890533447265625,&quot;sizes&quot;:[]},&quot;_transform_scale_effect_tablet&quot;:{&quot;unit&quot;:&quot;px&quot;,&quot;size&quot;:&quot;&quot;,&quot;sizes&quot;:[]},&quot;_transform_scale_effect_mobile&quot;:{&quot;unit&quot;:&quot;px&quot;,&quot;size&quot;:&quot;&quot;,&quot;sizes&quot;:[]},&quot;_transform_scale_effect_hover_tablet&quot;:{&quot;unit&quot;:&quot;px&quot;,&quot;size&quot;:&quot;&quot;,&quot;sizes&quot;:[]},&quot;_transform_scale_effect_hover_mobile&quot;:{&quot;unit&quot;:&quot;px&quot;,&quot;size&quot;:&quot;&quot;,&quot;sizes&quot;:[]}}\" data-widget_type=\"icon-box.default\">\n\t\t\t\t<div class=\"elementor-widget-container\">\n\t\t\t\t\t\t\t<div class=\"elementor-icon-box-wrapper\">\n\n\t\t\t\t\t\t<div class=\"elementor-icon-box-icon\">\n\t\t\t\t<span  class=\"elementor-icon\">\n\t\t\t\t<svg xmlns=\"http:\/\/www.w3.org\/2000\/svg\" viewBox=\"0 0 33 25.5\"><defs><style>.cls-1{fill:#a00014;}<\/style><\/defs><g id=\"Capa_2\" data-name=\"Capa 2\"><g id=\"Capa_1-2\" data-name=\"Capa 1\"><path class=\"cls-1\" d=\"M3,25.5a2.88,2.88,0,0,1-2.12-.88,3,3,0,0,1,0-4.24A2.88,2.88,0,0,1,3,19.5h.39a.94.94,0,0,1,.36.08l6.83-6.83a.94.94,0,0,1-.08-.36V12a3,3,0,0,1,3-3,3,3,0,0,1,3,3c0,.05,0,.3-.08.75l3.83,3.83a1,1,0,0,1,.36-.08h.78a.94.94,0,0,1,.36.08l5.33-5.33a.94.94,0,0,1-.08-.36V10.5a3,3,0,1,1,5.12,2.12A2.88,2.88,0,0,1,30,13.5h-.39a1,1,0,0,1-.36-.07l-5.33,5.32a1,1,0,0,1,.08.36v.39a3,3,0,0,1-5.12,2.12A2.88,2.88,0,0,1,18,19.5v-.39a1,1,0,0,1,.08-.36l-3.83-3.82a.92.92,0,0,1-.36.07H13.5l-.75-.07L5.92,21.75a1,1,0,0,1,.08.36v.39a2.88,2.88,0,0,1-.88,2.12A2.88,2.88,0,0,1,3,25.5Zm1.5-15-.94-2-2-.94,2-.94.94-2,.94,2,2,.94-2,.94ZM21,9,19.58,5.93,16.5,4.5l3.08-1.42L21,0l1.42,3.08L25.5,4.5,22.42,5.93Z\"><\/path><\/g><\/g><\/svg>\t\t\t\t<\/span>\n\t\t\t<\/div>\n\t\t\t\n\t\t\t\t\t\t<div class=\"elementor-icon-box-content\">\n\n\t\t\t\t\t\t\t\t\t<h2 class=\"elementor-icon-box-title\">\n\t\t\t\t\t\t<span  >\n\t\t\t\t\t\t\tProyectar\t\t\t\t\t\t<\/span>\n\t\t\t\t\t<\/h2>\n\t\t\t\t\n\t\t\t\t\t\t\t\t\t<p class=\"elementor-icon-box-description\">\n\t\t\t\t\t\tInformaci\u00f3n y conocimiento para anticipar tendencias y mejorar la competitividad.\t\t\t\t\t<\/p>\n\t\t\t\t\n\t\t\t<\/div>\n\t\t\t\n\t\t<\/div>\n\t\t\t\t\t\t<\/div>\n\t\t\t\t<\/div>\n\t\t\t\t\t<\/div>\n\t\t<\/div>\n\t\t\t\t\t<\/div>\n\t\t<\/section>\n\t\t\t\t<section class=\"elementor-section elementor-top-section elementor-element elementor-element-9e6ff51 elementor-section-boxed elementor-section-height-default elementor-section-height-default\" data-id=\"9e6ff51\" data-element_type=\"section\" data-e-type=\"section\">\n\t\t\t\t\t\t<div class=\"elementor-container elementor-column-gap-default\">\n\t\t\t\t\t<div class=\"elementor-column elementor-col-100 elementor-top-column elementor-element elementor-element-756e747\" data-id=\"756e747\" data-element_type=\"column\" data-e-type=\"column\">\n\t\t\t<div class=\"elementor-widget-wrap elementor-element-populated\">\n\t\t\t\t\t\t<div class=\"elementor-element elementor-element-1be168f elementor-widget elementor-widget-heading\" data-id=\"1be168f\" data-element_type=\"widget\" data-e-type=\"widget\" data-widget_type=\"heading.default\">\n\t\t\t\t<div class=\"elementor-widget-container\">\n\t\t\t\t\t<h2 class=\"elementor-heading-title elementor-size-default\">AGENDA 2026<\/h2>\t\t\t\t<\/div>\n\t\t\t\t<\/div>\n\t\t\t\t<div class=\"elementor-element elementor-element-aa272d4 elementor-widget elementor-widget-html\" data-id=\"aa272d4\" data-element_type=\"widget\" data-e-type=\"widget\" data-widget_type=\"html.default\">\n\t\t\t\t<div class=\"elementor-widget-container\">\n\t\t\t\t\t<div class=\"evento\">\r\n  <div class=\"fecha\"><span>03 SEP<\/span><\/div>\r\n  <div class=\"contenido\">\r\n    <div class=\"categoria\">Capacitaci\u00f3n<\/div>\r\n    <h2>Charla con Patricia Jebsen<\/h2>\r\n    <div class=\"info-extra\">\r\n      <div class=\"info-extra-inner\">\r\n        <p>18:00 hs. | Teatro de la ciudad de San Lorenzo<\/p>\r\n        <p>Charla Magistral de Patricia Jebsen, quien se presentar\u00e1 por primera vez en nuestra regi\u00f3n para compartir una conferencia sobre liderazgo, innovaci\u00f3n y los desaf\u00edos del mundo del trabajo en un contexto de convivencia entre generaciones.<\/p>\r\n      <\/div>\r\n    <\/div>\r\n    <button type=\"button\" class=\"mas-info\" aria-expanded=\"false\"><span class=\"texto\">Ver m\u00e1s<\/span><\/button>\r\n  <\/div>\r\n<\/div>\r\n\r\n<div class=\"evento\">\r\n  <div class=\"fecha\"><span>09 SEP<\/span><\/div>\r\n  <div class=\"contenido\">\r\n    <div class=\"categoria\">Institucional<\/div>\r\n    <h2>Lanzamiento de DataLab + Firma de Convenio con UCEL<\/h2>\r\n    <div class=\"info-extra\">\r\n      <div class=\"info-extra-inner\">\r\n        <p>9:00 hs | Sal\u00f3n de eventos de la C\u00e1mara<\/p>\r\n        <p>Presentaci\u00f3n oficial de DataLab, el nuevo espacio de estad\u00edsticas de la C\u00e1mara, creado para generar informaci\u00f3n estrat\u00e9gica sobre la realidad productiva, econ\u00f3mica y empresarial de nuestra regi\u00f3n.<\/p>\r\n        <p>Durante la jornada se realizar\u00e1 la firma de un convenio con la UCEL, con quien se desarrollar\u00e1 en forma conjunta DATALAB.<\/p>\r\n      <\/div>\r\n    <\/div>\r\n    <button type=\"button\" class=\"mas-info\" aria-expanded=\"false\"><span class=\"texto\">Ver m\u00e1s<\/span><\/button>\r\n  <\/div>\r\n<\/div>\r\n\r\n<div class=\"evento\">\r\n  <div class=\"fecha\"><span>10 SEP<\/span><\/div>\r\n  <div class=\"contenido\">\r\n    <div class=\"categoria\">Institucional<\/div>\r\n    <h2>Olimpiadas de Brigadistas<\/h2>\r\n    <div class=\"info-extra\">\r\n      <div class=\"info-extra-inner\">\r\n        <p>10:00 hs. | Predio Batall\u00f3n de Arsenales de Fray Luis Beltr\u00e1n<\/p>\r\n        <p>Una jornada que reunir\u00e1 a brigadas de las principales industrias de la regi\u00f3n para poner a prueba su preparaci\u00f3n, coordinaci\u00f3n y capacidad de respuesta ante diferentes situaciones de emergencia.<\/p>\r\n        <p>Un espacio de encuentro que promueve la capacitaci\u00f3n, la prevenci\u00f3n, el trabajo en equipo y el intercambio de buenas pr\u00e1cticas en seguridad industrial.<\/p>\r\n      <\/div>\r\n    <\/div>\r\n    <button type=\"button\" class=\"mas-info\" aria-expanded=\"false\"><span class=\"texto\">Ver m\u00e1s<\/span><\/button>\r\n  <\/div>\r\n<\/div>\r\n\r\n<div class=\"evento\">\r\n  <div class=\"fecha\"><span>10 SEP<\/span><\/div>\r\n  <div class=\"contenido\">\r\n    <div class=\"categoria\">Institucional<\/div>\r\n    <h2>Aportar Futuro \u2013 Conectando talento con la industria.<\/h2>\r\n    <div class=\"info-extra\">\r\n      <div class=\"info-extra-inner\">\r\n        <p>14:00 a 17:00 hs | Sede de la C\u00e1mara<\/p>\r\n        <p>Viv\u00ed tu primera entrevista laboral junto a referentes de Capital Humanos de las industrias y empresas de la regi\u00f3n.<\/p>\r\n        <p>Inscribite en fundacion@aportar.ar<\/p>\r\n      <\/div>\r\n    <\/div>\r\n    <button type=\"button\" class=\"mas-info\" aria-expanded=\"false\"><span class=\"texto\">Ver m\u00e1s<\/span><\/button>\r\n  <\/div>\r\n<\/div>\r\n\r\n<div class=\"evento\">\r\n  <div class=\"fecha\"><span>14 SEP<\/span><\/div>\r\n  <div class=\"contenido\">\r\n    <div class=\"categoria\">Negocios<\/div>\r\n    <h2>Ronda de Negocios + Feria de Productos y Servicios<\/h2>\r\n    <div class=\"info-extra\">\r\n      <div class=\"info-extra-inner\">\r\n        <p>8:00 a 17:00 hs | Predio C\u00e1mara<\/p>\r\n        <p>Primera jornada de un espacio dise\u00f1ado para generar oportunidades concretas de negocio. Empresas proveedoras mantendr\u00e1n entrevistas individuales con referentes de Compras y Abastecimiento de las principales industrias de la regi\u00f3n.<\/p>\r\n        <p>En simult\u00e1neo, la Feria de Productos y Servicios permitir\u00e1 a las empresas exhibir sus propuestas y generar nuevos v\u00ednculos comerciales.<\/p>\r\n      <\/div>\r\n    <\/div>\r\n    <button type=\"button\" class=\"mas-info\" aria-expanded=\"false\"><span class=\"texto\">Ver m\u00e1s<\/span><\/button>\r\n  <\/div>\r\n<\/div>\r\n\r\n<div class=\"evento\">\r\n  <div class=\"fecha\"><span>15 SEP<\/span><\/div>\r\n  <div class=\"contenido\">\r\n    <div class=\"categoria\">Negocios<\/div>\r\n    <h2>Ronda de Negocios + Feria de Productos y Servicios<\/h2>\r\n    <div class=\"info-extra\">\r\n      <div class=\"info-extra-inner\">\r\n        <p>8:00 a 17:00 hs | Predio C\u00e1mara<\/p>\r\n        <p>Segunda jornada de encuentros entre empresas, proveedores y referentes de las principales industrias del entramado productivo regional.<\/p>\r\n        <p>Una oportunidad para presentar productos y servicios, conocer nuevas demandas y generar contactos estrat\u00e9gicos.<\/p>\r\n      <\/div>\r\n    <\/div>\r\n    <button type=\"button\" class=\"mas-info\" aria-expanded=\"false\"><span class=\"texto\">Ver m\u00e1s<\/span><\/button>\r\n  <\/div>\r\n<\/div>\r\n\r\n<div class=\"evento\">\r\n  <div class=\"fecha\"><span>16 SEP<\/span><\/div>\r\n  <div class=\"contenido\">\r\n    <div class=\"categoria\">Negocios<\/div>\r\n    <h2>Ronda de Negocios + Feria de Productos y Servicios<\/h2>\r\n    <div class=\"info-extra\">\r\n      <div class=\"info-extra-inner\">\r\n        <p>8:00 a 17:00 hs | Predio C\u00e1mara<\/p>\r\n        <p>Tercera y \u00faltima jornada de Rondas de Negocios, cerrando tres d\u00edas dedicados a conectar empresas y generar nuevas oportunidades comerciales para la regi\u00f3n.<\/p>\r\n      <\/div>\r\n    <\/div>\r\n    <button type=\"button\" class=\"mas-info\" aria-expanded=\"false\"><span class=\"texto\">Ver m\u00e1s<\/span><\/button>\r\n  <\/div>\r\n<\/div>\r\n\r\n<div class=\"evento\">\r\n  <div class=\"fecha\"><span>17 SEP<\/span><\/div>\r\n  <div class=\"contenido\">\r\n    <div class=\"categoria\">Negocios<\/div>\r\n    <h2>After Meeting<\/h2>\r\n    <div class=\"info-extra\">\r\n      <div class=\"info-extra-inner\">\r\n        <p>18:00 hs. | Sal\u00f3n Paran\u00e1 River II<\/p>\r\n        <p>Un espacio distendido para cerrar las jornadas de vinculaci\u00f3n, continuar generando contactos y fortalecer las relaciones entre quienes forman parte del entramado empresarial de nuestra regi\u00f3n.<\/p>\r\n      <\/div>\r\n    <\/div>\r\n    <button type=\"button\" class=\"mas-info\" aria-expanded=\"false\"><span class=\"texto\">Ver m\u00e1s<\/span><\/button>\r\n  <\/div>\r\n<\/div>\r\n\r\n<div class=\"evento\">\r\n  <div class=\"fecha\"><span>22 SEP<\/span><\/div>\r\n  <div class=\"contenido\">\r\n    <div class=\"categoria\">Capacitaci\u00f3n<\/div>\r\n    <h2>Aportar Futuro - Desarrollando talento para la cadena de valor de nuestra regi\u00f3n<\/h2>\r\n    <div class=\"info-extra\">\r\n      <div class=\"info-extra-inner\">\r\n        <p>9:00 hs. | Teatro de la ciudad de San Lorenzo<\/p>\r\n        <p>Una jornada destinada a estudiantes de 5.\u00ba y 6.\u00ba a\u00f1o de escuelas secundarias de la regi\u00f3n, para acercarlos a las transformaciones que atraviesa la industria y reflexionar sobre innovaci\u00f3n, tecnolog\u00eda, inteligencia artificial y los desaf\u00edos del mundo laboral.<\/p>\r\n      <\/div>\r\n    <\/div>\r\n    <button type=\"button\" class=\"mas-info\" aria-expanded=\"false\"><span class=\"texto\">Ver m\u00e1s<\/span><\/button>\r\n  <\/div>\r\n<\/div>\r\n\r\n<div class=\"evento\">\r\n  <div class=\"fecha\"><span>25 SEP<\/span><\/div>\r\n  <div class=\"contenido\">\r\n    <div class=\"categoria\">Institucional<\/div>\r\n    <h2>Lanzamiento del \u00e1rea de Misiones y Vinculaci\u00f3n Comercial.<\/h2>\r\n    <div class=\"info-extra\">\r\n      <div class=\"info-extra-inner\">\r\n        <p>11:30 hs. | Sal\u00f3n de la C\u00e1mara.<\/p>\r\n        <p>Espacio de vinculaci\u00f3n institucional en el marco de las actividades del Mes de la Industria.<\/p>\r\n      <\/div>\r\n    <\/div>\r\n    <button type=\"button\" class=\"mas-info\" aria-expanded=\"false\"><span class=\"texto\">Ver m\u00e1s<\/span><\/button>\r\n  <\/div>\r\n<\/div>\r\n\r\n<div class=\"evento\">\r\n  <div class=\"fecha\"><span>25 SEP<\/span><\/div>\r\n  <div class=\"contenido\">\r\n    <div class=\"categoria\">Institucional<\/div>\r\n    <h2>Primer Streaming de la C\u00e1mara y Fundaci\u00f3n Aportar<\/h2>\r\n    <div class=\"info-extra\">\r\n      <div class=\"info-extra-inner\">\r\n        <p>12:00 hs.<\/p>\r\n        <p>Por primera vez, la C\u00e1mara y Fundaci\u00f3n Aportar realizar\u00e1n un streaming en vivo para recorrer todo lo vivido durante el Mes de la Industria, compartir experiencias, recuperar sus principales momentos y escuchar a algunos de sus protagonistas.<\/p>\r\n        <p>Un nuevo espacio de comunicaci\u00f3n para seguir conectando empresas, instituciones y comunidad.<\/p>\r\n      <\/div>\r\n    <\/div>\r\n    <button type=\"button\" class=\"mas-info\" aria-expanded=\"false\"><span class=\"texto\">Ver m\u00e1s<\/span><\/button>\r\n  <\/div>\r\n<\/div>\r\n\r\n<style>\r\n  .evento {\r\n    width: 100%;\r\n    min-height: 150px;\r\n    box-sizing: border-box;\r\n    display: flex;\r\n    align-items: center;\r\n    padding: 24px;\r\n    gap: 42px;\r\n    background: #ffffff;\r\n    border: 1px solid #d9d9d9;\r\n    border-radius: 4px;\r\n    font-family: Arial, Helvetica, sans-serif;\r\n    transition: all 0.2s ease;\r\n    margin-bottom: 16px;\r\n  }\r\n  .evento:hover {\r\n    background: #faf1f1;\r\n    border: 2px solid #ad0018;\r\n    box-shadow: inset 4px 0 0 #ad0018;\r\n  }\r\n  .fecha {\r\n    width: 105px;\r\n    flex-shrink: 0;\r\n  }\r\n  .fecha span {\r\n    color: #ad0018;\r\n    font-size: 22px;\r\n    font-weight: 700;\r\n    white-space: nowrap;\r\n  }\r\n  .contenido {\r\n    flex: 1;\r\n    display: flex;\r\n    flex-direction: column;\r\n    align-items: flex-start;\r\n    gap: 6px;\r\n  }\r\n  .categoria {\r\n    background: #ad0018;\r\n    color: #ffffff;\r\n    padding: 6px 12px;\r\n    border-radius: 2px;\r\n    font-size: 12px;\r\n    font-weight: 400;\r\n  }\r\n  .contenido h2 {\r\n    margin: 0;\r\n    color: #222222;\r\n    font-size: 24px;\r\n    line-height: 1.2;\r\n    font-weight: 700;\r\n  }\r\n  .info-extra {\r\n    max-height: 0;\r\n    overflow: hidden;\r\n    transition: max-height 0.35s ease;\r\n    width: 100%;\r\n  }\r\n  .info-extra-inner {\r\n    padding-top: 8px;\r\n    display: flex;\r\n    flex-direction: column;\r\n    gap: 8px;\r\n  }\r\n  .info-extra-inner p {\r\n    margin: 0;\r\n    color: #5c4a4a;\r\n    font-size: 15px;\r\n    line-height: 1.5;\r\n  }\r\n  .evento.abierto .info-extra {\r\n    max-height: 400px;\r\n  }\r\n  .mas-info {\r\n    flex-shrink: 0;\r\n    color: #ad0018;\r\n    font-size: 14px;\r\n    font-weight: 400;\r\n    text-decoration: none;\r\n    display: flex;\r\n    align-items: center;\r\n    border-radius: 50px;\r\n    background: none;\r\n    border: none;\r\n    padding: 0;\r\n    cursor: pointer;\r\n    font-family: inherit;\r\n  }\r\n  .evento:hover .mas-info {\r\n    text-decoration: underline;\r\n  }\r\n  @media (max-width: 600px) {\r\n    .evento {\r\n      gap: 15px;\r\n      padding: 18px;\r\n    }\r\n    .fecha {\r\n      width: 70px;\r\n    }\r\n    .fecha span {\r\n      font-size: 17px;\r\n    }\r\n    .contenido h2 {\r\n      font-size: 19px;\r\n    }\r\n    .mas-info {\r\n      font-size: 12px;\r\n    }\r\n  }\r\n<\/style>\r\n\r\n<script>\r\n  if (!window.__acordeonEventosInit) {\r\n    window.__acordeonEventosInit = true;\r\n\r\n    document.addEventListener('click', function (e) {\r\n      var boton = e.target.closest('.mas-info');\r\n      if (!boton) return;\r\n\r\n      var evento = boton.closest('.evento');\r\n      var abierto = evento.classList.toggle('abierto');\r\n      boton.setAttribute('aria-expanded', abierto);\r\n\r\n      var texto = boton.querySelector('.texto');\r\n      texto.textContent = abierto ? 'Ver menos' : 'Ver m\u00e1s';\r\n    });\r\n  }\r\n<\/script>\t\t\t\t<\/div>\n\t\t\t\t<\/div>\n\t\t\t\t\t<\/div>\n\t\t<\/div>\n\t\t\t\t\t<\/div>\n\t\t<\/section>\n\t\t\t\t<section class=\"elementor-section elementor-top-section elementor-element elementor-element-686148f elementor-section-boxed elementor-section-height-default elementor-section-height-default\" data-id=\"686148f\" data-element_type=\"section\" data-e-type=\"section\">\n\t\t\t\t\t\t\t<div class=\"elementor-background-overlay\"><\/div>\n\t\t\t\t\t\t\t<div class=\"elementor-container elementor-column-gap-default\">\n\t\t\t\t\t<div class=\"elementor-column elementor-col-100 elementor-top-column elementor-element elementor-element-16b1737\" data-id=\"16b1737\" data-element_type=\"column\" data-e-type=\"column\">\n\t\t\t<div class=\"elementor-widget-wrap elementor-element-populated\">\n\t\t\t\t\t\t<div class=\"elementor-element elementor-element-ed013b4 elementor-widget elementor-widget-heading\" data-id=\"ed013b4\" data-element_type=\"widget\" data-e-type=\"widget\" data-widget_type=\"heading.default\">\n\t\t\t\t<div class=\"elementor-widget-container\">\n\t\t\t\t\t<h5 class=\"elementor-heading-title elementor-size-default\">RONDAS DE NEGOCIOS<\/h5>\t\t\t\t<\/div>\n\t\t\t\t<\/div>\n\t\t\t\t\t<\/div>\n\t\t<\/div>\n\t\t\t\t\t<\/div>\n\t\t<\/section>\n\t\t\t\t<section class=\"elementor-section elementor-top-section elementor-element elementor-element-2529074 elementor-section-boxed elementor-section-height-default elementor-section-height-default\" data-id=\"2529074\" data-element_type=\"section\" data-e-type=\"section\">\n\t\t\t\t\t\t\t<div class=\"elementor-background-overlay\"><\/div>\n\t\t\t\t\t\t\t<div class=\"elementor-container elementor-column-gap-default\">\n\t\t\t\t\t<div class=\"elementor-column elementor-col-100 elementor-top-column elementor-element elementor-element-9fd3281\" data-id=\"9fd3281\" data-element_type=\"column\" data-e-type=\"column\">\n\t\t\t<div class=\"elementor-widget-wrap elementor-element-populated\">\n\t\t\t\t\t\t<div class=\"elementor-element elementor-element-b513fab elementor-widget elementor-widget-heading\" data-id=\"b513fab\" data-element_type=\"widget\" data-e-type=\"widget\" data-widget_type=\"heading.default\">\n\t\t\t\t<div class=\"elementor-widget-container\">\n\t\t\t\t\t<h2 class=\"elementor-heading-title elementor-size-default\">Un espacio para transformar <br>\ncontactos en oportunidades<\/h2>\t\t\t\t<\/div>\n\t\t\t\t<\/div>\n\t\t\t\t\t<\/div>\n\t\t<\/div>\n\t\t\t\t\t<\/div>\n\t\t<\/section>\n\t\t\t\t<section class=\"elementor-section elementor-top-section elementor-element elementor-element-adba386 elementor-section-boxed elementor-section-height-default elementor-section-height-default\" data-id=\"adba386\" data-element_type=\"section\" data-e-type=\"section\">\n\t\t\t\t\t\t\t<div class=\"elementor-background-overlay\"><\/div>\n\t\t\t\t\t\t\t<div class=\"elementor-container elementor-column-gap-default\">\n\t\t\t\t\t<div class=\"elementor-column elementor-col-100 elementor-top-column elementor-element elementor-element-41c47e7\" data-id=\"41c47e7\" data-element_type=\"column\" data-e-type=\"column\">\n\t\t\t<div class=\"elementor-widget-wrap elementor-element-populated\">\n\t\t\t\t\t\t<div class=\"elementor-element elementor-element-224dcb6 elementor-widget elementor-widget-heading\" data-id=\"224dcb6\" data-element_type=\"widget\" data-e-type=\"widget\" data-widget_type=\"heading.default\">\n\t\t\t\t<div class=\"elementor-widget-container\">\n\t\t\t\t\t<h2 class=\"elementor-heading-title elementor-size-default\">\u00bfC\u00f3mo pod\u00e9s participar?<\/h2>\t\t\t\t<\/div>\n\t\t\t\t<\/div>\n\t\t\t\t\t<\/div>\n\t\t<\/div>\n\t\t\t\t\t<\/div>\n\t\t<\/section>\n\t\t\t\t<section class=\"elementor-section elementor-top-section elementor-element elementor-element-8d008e3 elementor-section-boxed elementor-section-height-default elementor-section-height-default\" data-id=\"8d008e3\" data-element_type=\"section\" data-e-type=\"section\">\n\t\t\t\t\t\t\t<div class=\"elementor-background-overlay\"><\/div>\n\t\t\t\t\t\t\t<div class=\"elementor-container elementor-column-gap-default\">\n\t\t\t\t\t<div class=\"elementor-column elementor-col-33 elementor-top-column elementor-element elementor-element-8d40f8d\" data-id=\"8d40f8d\" data-element_type=\"column\" data-e-type=\"column\">\n\t\t\t<div class=\"elementor-widget-wrap elementor-element-populated\">\n\t\t\t\t\t\t<div class=\"elementor-element elementor-element-121dad0 e-transform elementor-view-default elementor-position-block-start elementor-mobile-position-block-start elementor-widget elementor-widget-icon-box\" data-id=\"121dad0\" data-element_type=\"widget\" data-e-type=\"widget\" data-settings=\"{&quot;_transform_scale_effect_hover&quot;:{&quot;unit&quot;:&quot;px&quot;,&quot;size&quot;:1.100000000000000088817841970012523233890533447265625,&quot;sizes&quot;:[]},&quot;_transform_scale_effect_hover_tablet&quot;:{&quot;unit&quot;:&quot;px&quot;,&quot;size&quot;:&quot;&quot;,&quot;sizes&quot;:[]},&quot;_transform_scale_effect_hover_mobile&quot;:{&quot;unit&quot;:&quot;px&quot;,&quot;size&quot;:&quot;&quot;,&quot;sizes&quot;:[]}}\" data-widget_type=\"icon-box.default\">\n\t\t\t\t<div class=\"elementor-widget-container\">\n\t\t\t\t\t\t\t<div class=\"elementor-icon-box-wrapper\">\n\n\t\t\t\t\t\t<div class=\"elementor-icon-box-icon\">\n\t\t\t\t<span  class=\"elementor-icon\">\n\t\t\t\t<svg xmlns=\"http:\/\/www.w3.org\/2000\/svg\" xmlns:xlink=\"http:\/\/www.w3.org\/1999\/xlink\" id=\"Capa_2\" data-name=\"Capa 2\" viewBox=\"0 0 68.1 60.05\"><defs><style> .cls-1 { fill: url(#Degradado_sin_nombre_5); } <\/style><linearGradient id=\"Degradado_sin_nombre_5\" data-name=\"Degradado sin nombre 5\" x1=\"0\" y1=\"30.03\" x2=\"68.1\" y2=\"30.03\" gradientUnits=\"userSpaceOnUse\"><stop offset=\"0\" stop-color=\"#c52127\"><\/stop><stop offset=\"1\" stop-color=\"#750000\"><\/stop><\/linearGradient><\/defs><g id=\"Capa_1-2\" data-name=\"Capa 1\"><path class=\"cls-1\" d=\"M68.1,16.56c0-3.3-2.69-5.99-5.99-5.99h-10.64v-4.29c0-3.46-2.82-6.28-6.28-6.28h-22.29c-3.46,0-6.28,2.82-6.28,6.28v4.29H5.99c-3.3,0-5.99,2.69-5.99,5.99v9.44c0,1.76.57,3.95,2.66,6.11v21.96c0,3.3,2.69,5.99,5.99,5.99h50.81c3.3,0,5.99-2.69,5.99-5.99v-21.96c2.09-2.15,2.66-4.35,2.66-6.11v-9.44ZM20.62,6.28c0-1.26,1.03-2.29,2.29-2.29h22.29c1.26,0,2.29,1.03,2.29,2.29v4.29h-26.87v-4.29ZM3.99,16.56c0-1.1.9-2,2-2h56.13c1.1,0,2,.9,2,2v9.44c0,4.91-9.42,8.92-23.14,9.96v-1.85c0-1.1-.89-2-2-2h-9.84c-1.1,0-2,.89-2,2v1.85c-13.71-1.05-23.14-5.07-23.14-9.96v-9.44ZM36.98,36.11v2.59c0,1.43-1.16,2.59-2.59,2.59h-.67c-1.43,0-2.59-1.16-2.59-2.59v-2.59h5.85ZM59.46,56.06H8.65c-1.1,0-2-.9-2-2v-19.03c5.94,3.04,12.18,4.22,20.61,4.94.59,3.02,3.26,5.31,6.46,5.31h.67c3.2,0,5.87-2.29,6.46-5.31,6.96-.5,13.24-1.78,17.83-3.64,1.03-.42,1.95-.85,2.78-1.3v19.03c0,1.1-.9,2-2,2Z\"><\/path><\/g><\/svg>\t\t\t\t<\/span>\n\t\t\t<\/div>\n\t\t\t\n\t\t\t\t\t\t<div class=\"elementor-icon-box-content\">\n\n\t\t\t\t\t\t\t\t\t<h3 class=\"elementor-icon-box-title\">\n\t\t\t\t\t\t<span  >\n\t\t\t\t\t\t\tEMPRESA <BR> OFERENTE\t\t\t\t\t\t<\/span>\n\t\t\t\t\t<\/h3>\n\t\t\t\t\n\t\t\t\t\t\t\t\t\t<p class=\"elementor-icon-box-description\">\n\t\t\t\t\t\tPresente sus productos y servicios ante potenciales clientes.\t\t\t\t\t<\/p>\n\t\t\t\t\n\t\t\t<\/div>\n\t\t\t\n\t\t<\/div>\n\t\t\t\t\t\t<\/div>\n\t\t\t\t<\/div>\n\t\t\t\t\t<\/div>\n\t\t<\/div>\n\t\t\t\t<div class=\"elementor-column elementor-col-33 elementor-top-column elementor-element elementor-element-5b00334\" data-id=\"5b00334\" data-element_type=\"column\" data-e-type=\"column\">\n\t\t\t<div class=\"elementor-widget-wrap elementor-element-populated\">\n\t\t\t\t\t\t<div class=\"elementor-element elementor-element-abd3663 e-transform e-transform elementor-view-default elementor-position-block-start elementor-mobile-position-block-start elementor-widget elementor-widget-icon-box\" data-id=\"abd3663\" data-element_type=\"widget\" data-e-type=\"widget\" data-settings=\"{&quot;_transform_scale_effect&quot;:{&quot;unit&quot;:&quot;px&quot;,&quot;size&quot;:1,&quot;sizes&quot;:[]},&quot;_transform_scale_effect_hover&quot;:{&quot;unit&quot;:&quot;px&quot;,&quot;size&quot;:1.100000000000000088817841970012523233890533447265625,&quot;sizes&quot;:[]},&quot;_transform_scale_effect_tablet&quot;:{&quot;unit&quot;:&quot;px&quot;,&quot;size&quot;:&quot;&quot;,&quot;sizes&quot;:[]},&quot;_transform_scale_effect_mobile&quot;:{&quot;unit&quot;:&quot;px&quot;,&quot;size&quot;:&quot;&quot;,&quot;sizes&quot;:[]},&quot;_transform_scale_effect_hover_tablet&quot;:{&quot;unit&quot;:&quot;px&quot;,&quot;size&quot;:&quot;&quot;,&quot;sizes&quot;:[]},&quot;_transform_scale_effect_hover_mobile&quot;:{&quot;unit&quot;:&quot;px&quot;,&quot;size&quot;:&quot;&quot;,&quot;sizes&quot;:[]}}\" data-widget_type=\"icon-box.default\">\n\t\t\t\t<div class=\"elementor-widget-container\">\n\t\t\t\t\t\t\t<div class=\"elementor-icon-box-wrapper\">\n\n\t\t\t\t\t\t<div class=\"elementor-icon-box-icon\">\n\t\t\t\t<span  class=\"elementor-icon\">\n\t\t\t\t<svg xmlns=\"http:\/\/www.w3.org\/2000\/svg\" xmlns:xlink=\"http:\/\/www.w3.org\/1999\/xlink\" id=\"Capa_2\" data-name=\"Capa 2\" viewBox=\"0 0 58.17 58.17\"><defs><style> .cls-1 { fill: url(#Degradado_sin_nombre_5); } .cls-1, .cls-2 { fill-rule: evenodd; } .cls-2 { fill: url(#Degradado_sin_nombre_5-2); } <\/style><linearGradient id=\"Degradado_sin_nombre_5\" data-name=\"Degradado sin nombre 5\" x1=\"0\" y1=\"29.09\" x2=\"58.17\" y2=\"29.09\" gradientUnits=\"userSpaceOnUse\"><stop offset=\"0\" stop-color=\"#c52127\"><\/stop><stop offset=\"1\" stop-color=\"#750000\"><\/stop><\/linearGradient><linearGradient id=\"Degradado_sin_nombre_5-2\" data-name=\"Degradado sin nombre 5\" x1=\"11.16\" y1=\"23.71\" x2=\"36.27\" y2=\"23.71\" xlink:href=\"#Degradado_sin_nombre_5\"><\/linearGradient><\/defs><g id=\"Capa_1-2\" data-name=\"Capa 1\"><g><path class=\"cls-1\" d=\"M58.17,56.2l-16.74-16.74c3.73-4.19,5.99-9.7,5.99-15.75C47.42,10.62,36.81,0,23.71,0S0,10.62,0,23.71s10.62,23.71,23.71,23.71c6.05,0,11.56-2.27,15.75-5.99l16.74,16.74,1.97-1.97ZM2.79,23.71C2.79,12.16,12.16,2.79,23.71,2.79s20.92,9.37,20.92,20.92-9.37,20.92-20.92,20.92S2.79,35.27,2.79,23.71Z\"><\/path><path class=\"cls-2\" d=\"M28.44,23.25c1.38-1.27,2.24-3.09,2.24-5.11,0-3.85-3.12-6.97-6.97-6.97s-6.97,3.12-6.97,6.97c0,2.02.87,3.84,2.24,5.11-4.59,1.87-7.82,6.37-7.82,11.62,0,.77.62,1.39,1.39,1.39h22.32c.77,0,1.39-.62,1.39-1.39,0-5.26-3.24-9.76-7.82-11.62ZM19.53,18.13c0-2.31,1.87-4.18,4.18-4.18s4.18,1.87,4.18,4.18-1.87,4.18-4.18,4.18-4.18-1.87-4.18-4.18ZM14.05,33.48c.68-4.73,4.75-8.37,9.67-8.37s8.99,3.64,9.67,8.37H14.05Z\"><\/path><\/g><\/g><\/svg>\t\t\t\t<\/span>\n\t\t\t<\/div>\n\t\t\t\n\t\t\t\t\t\t<div class=\"elementor-icon-box-content\">\n\n\t\t\t\t\t\t\t\t\t<h3 class=\"elementor-icon-box-title\">\n\t\t\t\t\t\t<span  >\n\t\t\t\t\t\t\tEMPRESA DEMANDANTE\t\t\t\t\t\t<\/span>\n\t\t\t\t\t<\/h3>\n\t\t\t\t\n\t\t\t\t\t\t\t\t\t<p class=\"elementor-icon-box-description\">\n\t\t\t\t\t\tLas grandes industrias encontrar\u00e1n proveedores locales\t\t\t\t\t<\/p>\n\t\t\t\t\n\t\t\t<\/div>\n\t\t\t\n\t\t<\/div>\n\t\t\t\t\t\t<\/div>\n\t\t\t\t<\/div>\n\t\t\t\t\t<\/div>\n\t\t<\/div>\n\t\t\t\t<div class=\"elementor-column elementor-col-33 elementor-top-column elementor-element elementor-element-de6981a\" data-id=\"de6981a\" data-element_type=\"column\" data-e-type=\"column\">\n\t\t\t<div class=\"elementor-widget-wrap elementor-element-populated\">\n\t\t\t\t\t\t<div class=\"elementor-element elementor-element-ac9ed7e e-transform elementor-view-default elementor-position-block-start elementor-mobile-position-block-start elementor-widget elementor-widget-icon-box\" data-id=\"ac9ed7e\" data-element_type=\"widget\" data-e-type=\"widget\" data-settings=\"{&quot;_transform_scale_effect_hover&quot;:{&quot;unit&quot;:&quot;px&quot;,&quot;size&quot;:1.100000000000000088817841970012523233890533447265625,&quot;sizes&quot;:[]},&quot;_transform_scale_effect_hover_tablet&quot;:{&quot;unit&quot;:&quot;px&quot;,&quot;size&quot;:&quot;&quot;,&quot;sizes&quot;:[]},&quot;_transform_scale_effect_hover_mobile&quot;:{&quot;unit&quot;:&quot;px&quot;,&quot;size&quot;:&quot;&quot;,&quot;sizes&quot;:[]}}\" data-widget_type=\"icon-box.default\">\n\t\t\t\t<div class=\"elementor-widget-container\">\n\t\t\t\t\t\t\t<div class=\"elementor-icon-box-wrapper\">\n\n\t\t\t\t\t\t<div class=\"elementor-icon-box-icon\">\n\t\t\t\t<span  class=\"elementor-icon\">\n\t\t\t\t<svg xmlns=\"http:\/\/www.w3.org\/2000\/svg\" xmlns:xlink=\"http:\/\/www.w3.org\/1999\/xlink\" id=\"Capa_2\" data-name=\"Capa 2\" viewBox=\"0 0 63.25 60.72\"><defs><style> .cls-1 { fill: url(#Degradado_sin_nombre_5); } <\/style><linearGradient id=\"Degradado_sin_nombre_5\" data-name=\"Degradado sin nombre 5\" x1=\"0\" y1=\"30.36\" x2=\"63.25\" y2=\"30.36\" gradientUnits=\"userSpaceOnUse\"><stop offset=\"0\" stop-color=\"#c52127\"><\/stop><stop offset=\"1\" stop-color=\"#750000\"><\/stop><\/linearGradient><\/defs><g id=\"Capa_1-2\" data-name=\"Capa 1\"><path class=\"cls-1\" d=\"M60.8,42.38s.03-.08.05-.12c3.75-8.65,3.08-19.25-1.79-27.36,2.6-3.11-.78-7.55-4.47-5.83-.65-.66-1.33-1.3-2.04-1.9,1.39-3.77-3.24-6.85-6.12-4.04-8.37-4.23-18.78-4.17-27.1.14-2.96-3.14-7.93.23-6.14,4.16-1.03.9-2,1.87-2.89,2.89-.77.89.63,2.1,1.4,1.22.83-.95,1.74-1.86,2.69-2.69,1.84,1.33,4.52.65,5.53-1.38,3.34.96,6.53,2.34,9.5,4.11-.25.9-.15,1.9.28,2.73-2.45,2.11-4.65,4.5-6.56,7.12-1.77-.53-3.71.36-4.48,2.03-3.89.02-7.8.44-11.63,1.25-.34-.63-.85-1.15-1.47-1.5.72-2.81,1.86-5.48,3.4-7.95.61-.98-.93-2.01-1.57-.98-1.63,2.63-2.85,5.47-3.62,8.46-4.44.08-5.19,6.22-.96,7.4-.06,8.74,3.72,17.24,10.27,23.03-1.37,3.69,3.07,6.74,6,4.14,8.55,4.55,19.35,4.55,27.9,0,2.98,2.95,7.75-.35,6.07-4.2,3.38-3,6-6.67,7.74-10.74h0ZM59.63,40.3c-2.57-2.55-5.37-4.86-8.37-6.89.43-1.33.06-2.83-.94-3.82,2.52-4.19,4.5-8.69,5.89-13.38.46,0,.91-.08,1.32-.24,4.27,7.21,5.05,16.5,2.1,24.33ZM16.98,50.78c-.78-7.64.59-15.26,3.98-22.15,2.1.66,4.38-.73,4.79-2.89,6.39.79,12.55,2.66,18.32,5.59-.28,1.08-.05,2.27.61,3.17-6.51,8.25-15.11,14.46-24.94,18.01-.6-.94-1.6-1.6-2.76-1.73h0ZM45.8,32.27c0-1.05.85-1.9,1.89-1.9,2.51.1,2.51,3.71,0,3.81-1.04,0-1.89-.85-1.89-1.9ZM58.11,12.45c0,1.05-.85,1.9-1.89,1.9-2.51-.1-2.51-3.71,0-3.81,1.04,0,1.89.85,1.89,1.9ZM53.17,10.27c-1.28,1.8-.69,4.4,1.24,5.47-1.35,4.53-3.26,8.86-5.7,12.91-.51-.15-1.07-.18-1.6-.1-2.54-5.43-6.25-10.33-10.77-14.23.43-.83.53-1.83.28-2.73,2.86-1.71,5.93-3.05,9.13-4,1.07,2.06,3.92,2.64,5.7,1.1.59.51,1.16,1.04,1.7,1.59h0ZM31.14,12.6c0-1.05.85-1.9,1.89-1.9,2.51.1,2.51,3.71,0,3.81-1.04,0-1.89-.85-1.89-1.9h0ZM49.07,3.9c1.04,0,1.89.85,1.89,1.9-.1,2.53-3.68,2.53-3.78,0,0-1.05.85-1.9,1.89-1.9ZM16.57,7.71c-1.04,0-1.89-.85-1.89-1.9.1-2.53,3.68-2.53,3.78,0,0,1.05-.85,1.9-1.89,1.9ZM20.31,5.66c0-.26-.04-.51-.1-.75,7.76-4.01,17.45-4.08,25.27-.19-.1.34-.16.69-.16,1.06-3.37,1-6.6,2.41-9.61,4.2-1.45-1.5-3.92-1.5-5.37,0-3.14-1.87-6.5-3.32-10.03-4.32h0ZM30.93,15.71c1.25.86,2.95.86,4.2,0,4.32,3.73,7.85,8.39,10.29,13.57-.17.13-.32.27-.46.42-6.09-3.09-12.59-5.05-19.34-5.84-.18-.55-.49-1.05-.89-1.45,1.81-2.46,3.89-4.71,6.2-6.7h0ZM22.06,23.13c1.04,0,1.89.85,1.89,1.9-.1,2.53-3.68,2.53-3.78,0,0-1.05.85-1.9,1.89-1.9ZM1.84,26.5c0-1.05.85-1.9,1.89-1.9,2.51.1,2.51,3.71,0,3.81-1.04,0-1.89-.85-1.89-1.9ZM4.66,30.14s2.82-.61,2.82-3.62c0,0,7.22-1.15,10.86-1.2.07.9.45,1.71,1.04,2.32-3.61,7.27-5.07,15.32-4.23,23.4-.36.15-.69.36-.99.61-6.05-5.42-9.5-14.49-9.5-21.51h0ZM16.57,56.42c-1.04,0-1.89-.85-1.89-1.9s.85-1.9,1.89-1.9,1.89.89,1.89,1.9-.85,1.9-1.89,1.9ZM33.03,58.88c-4.5,0-8.95-1.08-12.92-3.12.16-.46.23-.99.2-1.48,10.18-3.67,19.07-10.08,25.8-18.6.55.26,1.17.38,1.78.35.41,1.53.74,3.09.97,4.65.18,1.19,2.01.93,1.83-.27-.24-1.66-.59-3.31-1.03-4.93.22-.14.43-.3.62-.48,3.09,2.1,5.98,4.51,8.59,7.18-1.62,3.58-3.98,6.82-6.97,9.5-.3-.22-.63-.4-.98-.53.18-1.72.26-3.46.23-5.18-.02-1.21-1.87-1.18-1.85.03.03,1.65-.05,3.33-.23,4.98-2.19.35-3.62,2.61-3.01,4.74-4,2.08-8.48,3.17-13.02,3.17h0ZM49.65,56.58c-1.04,0-1.89-.85-1.89-1.9.1-2.53,3.68-2.53,3.78,0,0,1.05-.85,1.9-1.89,1.9Z\"><\/path><\/g><\/svg>\t\t\t\t<\/span>\n\t\t\t<\/div>\n\t\t\t\n\t\t\t\t\t\t<div class=\"elementor-icon-box-content\">\n\n\t\t\t\t\t\t\t\t\t<h3 class=\"elementor-icon-box-title\">\n\t\t\t\t\t\t<span  >\n\t\t\t\t\t\t\tEXPOSICI\u00d3N<BR>COMERCIAL\t\t\t\t\t\t<\/span>\n\t\t\t\t\t<\/h3>\n\t\t\t\t\n\t\t\t\t\t\t\t\t\t<p class=\"elementor-icon-box-description\">\n\t\t\t\t\t\tReserve su stand comercial para presentar sus productos y servicios\t\t\t\t\t<\/p>\n\t\t\t\t\n\t\t\t<\/div>\n\t\t\t\n\t\t<\/div>\n\t\t\t\t\t\t<\/div>\n\t\t\t\t<\/div>\n\t\t\t\t\t<\/div>\n\t\t<\/div>\n\t\t\t\t\t<\/div>\n\t\t<\/section>\n\t\t\t\t<section class=\"elementor-section elementor-top-section elementor-element elementor-element-63a6cfa elementor-section-boxed elementor-section-height-default elementor-section-height-default\" data-id=\"63a6cfa\" data-element_type=\"section\" data-e-type=\"section\">\n\t\t\t\t\t\t\t<div class=\"elementor-background-overlay\"><\/div>\n\t\t\t\t\t\t\t<div class=\"elementor-container elementor-column-gap-default\">\n\t\t\t\t\t<div class=\"elementor-column elementor-col-100 elementor-top-column elementor-element elementor-element-2366f3e\" data-id=\"2366f3e\" data-element_type=\"column\" data-e-type=\"column\">\n\t\t\t<div class=\"elementor-widget-wrap elementor-element-populated\">\n\t\t\t\t\t\t<div class=\"elementor-element elementor-element-ffb2b81 elementor-align-center elementor-widget elementor-widget-button\" data-id=\"ffb2b81\" data-element_type=\"widget\" data-e-type=\"widget\" data-widget_type=\"button.default\">\n\t\t\t\t<div class=\"elementor-widget-container\">\n\t\t\t\t\t\t\t\t\t<div class=\"elementor-button-wrapper\">\n\t\t\t\t\t<a class=\"elementor-button elementor-button-link elementor-size-sm\" href=\"mailto:comunicacion@camara-sl.org.ar\">\n\t\t\t\t\t\t<span class=\"elementor-button-content-wrapper\">\n\t\t\t\t\t\t<span class=\"elementor-button-icon\">\n\t\t\t\t<svg aria-hidden=\"true\" class=\"e-font-icon-svg e-far-envelope\" viewBox=\"0 0 512 512\" xmlns=\"http:\/\/www.w3.org\/2000\/svg\"><path d=\"M464 64H48C21.49 64 0 85.49 0 112v288c0 26.51 21.49 48 48 48h416c26.51 0 48-21.49 48-48V112c0-26.51-21.49-48-48-48zm0 48v40.805c-22.422 18.259-58.168 46.651-134.587 106.49-16.841 13.247-50.201 45.072-73.413 44.701-23.208.375-56.579-31.459-73.413-44.701C106.18 199.465 70.425 171.067 48 152.805V112h416zM48 400V214.398c22.914 18.251 55.409 43.862 104.938 82.646 21.857 17.205 60.134 55.186 103.062 54.955 42.717.231 80.509-37.199 103.053-54.947 49.528-38.783 82.032-64.401 104.947-82.653V400H48z\"><\/path><\/svg>\t\t\t<\/span>\n\t\t\t\t\t\t\t\t\t<span class=\"elementor-button-text\">SOLICITAR INFO SOBRE STANDS<\/span>\n\t\t\t\t\t<\/span>\n\t\t\t\t\t<\/a>\n\t\t\t\t<\/div>\n\t\t\t\t\t\t\t\t<\/div>\n\t\t\t\t<\/div>\n\t\t\t\t\t<\/div>\n\t\t<\/div>\n\t\t\t\t\t<\/div>\n\t\t<\/section>\n\t\t\t\t<section class=\"elementor-section elementor-top-section elementor-element elementor-element-ae94c23 elementor-section-boxed elementor-section-height-default elementor-section-height-default\" data-id=\"ae94c23\" data-element_type=\"section\" data-e-type=\"section\">\n\t\t\t\t\t\t\t<div class=\"elementor-background-overlay\"><\/div>\n\t\t\t\t\t\t\t<div class=\"elementor-container elementor-column-gap-default\">\n\t\t\t\t\t<div class=\"elementor-column elementor-col-100 elementor-top-column elementor-element elementor-element-e83de7f\" data-id=\"e83de7f\" data-element_type=\"column\" data-e-type=\"column\">\n\t\t\t<div class=\"elementor-widget-wrap elementor-element-populated\">\n\t\t\t\t\t\t<div class=\"elementor-element elementor-element-2192b98 elementor-widget elementor-widget-heading\" data-id=\"2192b98\" data-element_type=\"widget\" data-e-type=\"widget\" data-widget_type=\"heading.default\">\n\t\t\t\t<div class=\"elementor-widget-container\">\n\t\t\t\t\t<h2 class=\"elementor-heading-title elementor-size-default\">\u00daltimas Novedades<\/h2>\t\t\t\t<\/div>\n\t\t\t\t<\/div>\n\t\t\t\t<div class=\"elementor-element elementor-element-17ad1ca premium-blog-align-left elementor-widget elementor-widget-premium-addon-blog\" data-id=\"17ad1ca\" data-element_type=\"widget\" data-e-type=\"widget\" data-settings=\"{&quot;premium_blog_layout&quot;:&quot;marquee&quot;,&quot;force_height&quot;:&quot;true&quot;,&quot;premium_blog_grid&quot;:&quot;yes&quot;,&quot;marquee_direction&quot;:&quot;normal&quot;,&quot;marquee_speed&quot;:50,&quot;marquee_draggable&quot;:&quot;yes&quot;}\" data-widget_type=\"premium-addon-blog.default\">\n\t\t\t\t<div class=\"elementor-widget-container\">\n\t\t\t\t\t\n\t\t\n\n\t\t\t\t<div class=\"premium-blog-wrap  premium-blog-marquee premium-carousel-hidden\" data-page=\"9596\">\n\t\t\t\t\t\t\t<div class=\"premium-marquee-wrapper\">\n\t\t\t\t\t\t\t\t\t<div class=\"premium-blog-post-outer-container\" data-total=\"1\">\n\t\t\t<div class=\"premium-blog-post-container premium-blog-skin-modern\">\n\t\t\t\t\t\t\t\t\t<div class=\"premium-blog-thumb-effect-wrapper\">\n\t\t\t\t\t\t<div class=\"premium-blog-thumbnail-container premium-blog-zoomin-effect\">\n\t\t\t\t\t\t\t\t\t\t\t<a href=\"https:\/\/www.camara-sl.org.ar\/website\/2026\/08\/olimpiadas-brigadistas-2026\/\" target=\"_blank\" aria-label=\"Olimpiadas Brigadistas 2026\">\n\t\t\t\t<img decoding=\"async\" width=\"1600\" height=\"1068\" src=\"https:\/\/www.camara-sl.org.ar\/website\/wp-content\/uploads\/2026\/08\/54130d6d-f131-4afc-ae36-1e0e547f5bc6.png\" class=\"attachment-full size-full wp-image-9577\" alt=\"\" srcset=\"https:\/\/www.camara-sl.org.ar\/website\/wp-content\/uploads\/2026\/08\/54130d6d-f131-4afc-ae36-1e0e547f5bc6.png 1600w, https:\/\/www.camara-sl.org.ar\/website\/wp-content\/uploads\/2026\/08\/54130d6d-f131-4afc-ae36-1e0e547f5bc6-300x200.png 300w, https:\/\/www.camara-sl.org.ar\/website\/wp-content\/uploads\/2026\/08\/54130d6d-f131-4afc-ae36-1e0e547f5bc6-1024x684.png 1024w, https:\/\/www.camara-sl.org.ar\/website\/wp-content\/uploads\/2026\/08\/54130d6d-f131-4afc-ae36-1e0e547f5bc6-768x513.png 768w, https:\/\/www.camara-sl.org.ar\/website\/wp-content\/uploads\/2026\/08\/54130d6d-f131-4afc-ae36-1e0e547f5bc6-1536x1025.png 1536w, https:\/\/www.camara-sl.org.ar\/website\/wp-content\/uploads\/2026\/08\/54130d6d-f131-4afc-ae36-1e0e547f5bc6-1320x881.png 1320w\" sizes=\"(max-width: 1600px) 100vw, 1600px\" \/>\t\t\t\t<\/a>\n\t\t\t\t\t\t\t\t\t\t<\/div>\n\t\t\t\t\t\t\t\t\t\t\t\t\t<div class=\"premium-blog-effect-container premium-blog-framed-effect\">\n\t\t\t\t\t\t\t\t<a class=\"premium-blog-post-link\" href=\"https:\/\/www.camara-sl.org.ar\/website\/2026\/08\/olimpiadas-brigadistas-2026\/\" target=\"_blank\">\n\t\t\t\t\t\t\t\t\t<span class=\"elementor-screen-only\">Olimpiadas Brigadistas 2026<\/span>\n\t\t\t\t\t\t\t\t<\/a>\n\t\t\t\t\t\t\t\t\t\t\t\t\t\t\t<\/div>\n\t\t\t\t\t\t\t\t\t\t\t<\/div>\n\t\t\t\t\t\t\t\t\t\t\t\t<div class=\"premium-blog-content-wrapper \">\n\n\t\t\t\t\t<div class=\"premium-blog-inner-container\">\n\n\t\t\t\t\t\t\t\t\t\t\t\t\t\t<h2 class=\"premium-blog-entry-title\">\n\t\t\t<a href=\"https:\/\/www.camara-sl.org.ar\/website\/2026\/08\/olimpiadas-brigadistas-2026\/\" target=\"_blank\">\n\t\t\t\tOlimpiadas Brigadistas 2026\t\t\t<\/a>\n\t\t<\/h2>\n\t\t\t\t<div class=\"premium-blog-entry-meta\">\n\t\t\t\n\t\t\t\n\t\t\t\n\t\t\t\t\t<\/div>\n\t\t\n\t\t\t\t\t<\/div>\n\n\t\t\t\t\t\t\t<div class=\"premium-blog-content-inner-wrapper\">\n\t\t<p class=\"premium-blog-post-content\">El pr\u00f3ximo jueves 10 de Septiembre, el Predio Batall\u00f3n de Arsenales de Fray Luis Beltr\u00e1n ser\u00e1 sede de un gran encuentro donde \u2026<\/p>\t\t<\/div>\n\t\t\t\t\t\t\t\n\t\t\t\t<\/div>\n\t\t\t<\/div>\n\t\t<\/div>\n\n\t\t\t\t<div class=\"premium-blog-post-outer-container\" data-total=\"1\">\n\t\t\t<div class=\"premium-blog-post-container premium-blog-skin-modern\">\n\t\t\t\t\t\t\t\t\t<div class=\"premium-blog-thumb-effect-wrapper\">\n\t\t\t\t\t\t<div class=\"premium-blog-thumbnail-container premium-blog-zoomin-effect\">\n\t\t\t\t\t\t\t\t\t\t\t<a href=\"https:\/\/www.camara-sl.org.ar\/website\/2026\/08\/rondas-de-negocios-2026-en-el-mes-de-la-industria\/\" target=\"_blank\" aria-label=\"Rondas de Negocios 2026 en el Mes de la Industria\">\n\t\t\t\t<img decoding=\"async\" width=\"1362\" height=\"1007\" src=\"https:\/\/www.camara-sl.org.ar\/website\/wp-content\/uploads\/2026\/08\/RONDA_DE_NEGOCIOS_WEB.jpg-1.jpeg\" class=\"attachment-full size-full wp-image-9581\" alt=\"\" srcset=\"https:\/\/www.camara-sl.org.ar\/website\/wp-content\/uploads\/2026\/08\/RONDA_DE_NEGOCIOS_WEB.jpg-1.jpeg 1362w, https:\/\/www.camara-sl.org.ar\/website\/wp-content\/uploads\/2026\/08\/RONDA_DE_NEGOCIOS_WEB.jpg-1-300x222.jpeg 300w, https:\/\/www.camara-sl.org.ar\/website\/wp-content\/uploads\/2026\/08\/RONDA_DE_NEGOCIOS_WEB.jpg-1-1024x757.jpeg 1024w, https:\/\/www.camara-sl.org.ar\/website\/wp-content\/uploads\/2026\/08\/RONDA_DE_NEGOCIOS_WEB.jpg-1-768x568.jpeg 768w, https:\/\/www.camara-sl.org.ar\/website\/wp-content\/uploads\/2026\/08\/RONDA_DE_NEGOCIOS_WEB.jpg-1-1320x976.jpeg 1320w\" sizes=\"(max-width: 1362px) 100vw, 1362px\" \/>\t\t\t\t<\/a>\n\t\t\t\t\t\t\t\t\t\t<\/div>\n\t\t\t\t\t\t\t\t\t\t\t\t\t<div class=\"premium-blog-effect-container premium-blog-framed-effect\">\n\t\t\t\t\t\t\t\t<a class=\"premium-blog-post-link\" href=\"https:\/\/www.camara-sl.org.ar\/website\/2026\/08\/rondas-de-negocios-2026-en-el-mes-de-la-industria\/\" target=\"_blank\">\n\t\t\t\t\t\t\t\t\t<span class=\"elementor-screen-only\">Rondas de Negocios 2026 en el Mes de la Industria<\/span>\n\t\t\t\t\t\t\t\t<\/a>\n\t\t\t\t\t\t\t\t\t\t\t\t\t\t\t<\/div>\n\t\t\t\t\t\t\t\t\t\t\t<\/div>\n\t\t\t\t\t\t\t\t\t\t\t\t<div class=\"premium-blog-content-wrapper \">\n\n\t\t\t\t\t<div class=\"premium-blog-inner-container\">\n\n\t\t\t\t\t\t\t\t\t\t\t\t\t\t<h2 class=\"premium-blog-entry-title\">\n\t\t\t<a href=\"https:\/\/www.camara-sl.org.ar\/website\/2026\/08\/rondas-de-negocios-2026-en-el-mes-de-la-industria\/\" target=\"_blank\">\n\t\t\t\tRondas de Negocios 2026 en el Mes de la Industria\t\t\t<\/a>\n\t\t<\/h2>\n\t\t\t\t<div class=\"premium-blog-entry-meta\">\n\t\t\t\n\t\t\t\n\t\t\t\n\t\t\t\t\t<\/div>\n\t\t\n\t\t\t\t\t<\/div>\n\n\t\t\t\t\t\t\t<div class=\"premium-blog-content-inner-wrapper\">\n\t\t<p class=\"premium-blog-post-content\">En el marco de las actividades para conmemorar el valor del sector productivo regional, la C\u00e1mara de San Lorenzo organizar\u00e1 tres jornadas \u2026<\/p>\t\t<\/div>\n\t\t\t\t\t\t\t\n\t\t\t\t<\/div>\n\t\t\t<\/div>\n\t\t<\/div>\n\n\t\t\t\t<div class=\"premium-blog-post-outer-container\" data-total=\"1\">\n\t\t\t<div class=\"premium-blog-post-container premium-blog-skin-modern\">\n\t\t\t\t\t\t\t\t\t<div class=\"premium-blog-thumb-effect-wrapper\">\n\t\t\t\t\t\t<div class=\"premium-blog-thumbnail-container premium-blog-zoomin-effect\">\n\t\t\t\t\t\t\t\t\t\t\t<a href=\"https:\/\/www.camara-sl.org.ar\/website\/2026\/08\/charla-magistral-de-patricia-jebsen-el-mundo-del-trabajo\/\" target=\"_blank\" aria-label=\"Charla Magistral de Patricia Jebsen: El mundo del trabajo\">\n\t\t\t\t<img loading=\"lazy\" decoding=\"async\" width=\"1080\" height=\"764\" src=\"https:\/\/www.camara-sl.org.ar\/website\/wp-content\/uploads\/2026\/08\/CHARLA_CAMARA_WEB.png\" class=\"attachment-full size-full wp-image-9583\" alt=\"\" srcset=\"https:\/\/www.camara-sl.org.ar\/website\/wp-content\/uploads\/2026\/08\/CHARLA_CAMARA_WEB.png 1080w, https:\/\/www.camara-sl.org.ar\/website\/wp-content\/uploads\/2026\/08\/CHARLA_CAMARA_WEB-300x212.png 300w, https:\/\/www.camara-sl.org.ar\/website\/wp-content\/uploads\/2026\/08\/CHARLA_CAMARA_WEB-1024x724.png 1024w, https:\/\/www.camara-sl.org.ar\/website\/wp-content\/uploads\/2026\/08\/CHARLA_CAMARA_WEB-768x543.png 768w\" sizes=\"(max-width: 1080px) 100vw, 1080px\" \/>\t\t\t\t<\/a>\n\t\t\t\t\t\t\t\t\t\t<\/div>\n\t\t\t\t\t\t\t\t\t\t\t\t\t<div class=\"premium-blog-effect-container premium-blog-framed-effect\">\n\t\t\t\t\t\t\t\t<a class=\"premium-blog-post-link\" href=\"https:\/\/www.camara-sl.org.ar\/website\/2026\/08\/charla-magistral-de-patricia-jebsen-el-mundo-del-trabajo\/\" target=\"_blank\">\n\t\t\t\t\t\t\t\t\t<span class=\"elementor-screen-only\">Charla Magistral de Patricia Jebsen: El mundo del trabajo<\/span>\n\t\t\t\t\t\t\t\t<\/a>\n\t\t\t\t\t\t\t\t\t\t\t\t\t\t\t<\/div>\n\t\t\t\t\t\t\t\t\t\t\t<\/div>\n\t\t\t\t\t\t\t\t\t\t\t\t<div class=\"premium-blog-content-wrapper \">\n\n\t\t\t\t\t<div class=\"premium-blog-inner-container\">\n\n\t\t\t\t\t\t\t\t\t\t\t\t\t\t<h2 class=\"premium-blog-entry-title\">\n\t\t\t<a href=\"https:\/\/www.camara-sl.org.ar\/website\/2026\/08\/charla-magistral-de-patricia-jebsen-el-mundo-del-trabajo\/\" target=\"_blank\">\n\t\t\t\tCharla Magistral de Patricia Jebsen: El mundo del trabajo\t\t\t<\/a>\n\t\t<\/h2>\n\t\t\t\t<div class=\"premium-blog-entry-meta\">\n\t\t\t\n\t\t\t\n\t\t\t\n\t\t\t\t\t<\/div>\n\t\t\n\t\t\t\t\t<\/div>\n\n\t\t\t\t\t\t\t<div class=\"premium-blog-content-inner-wrapper\">\n\t\t<p class=\"premium-blog-post-content\">En el Mes de la Industria 2026, la reconocida referente en liderazgo y transformaci\u00f3n digital se presentar\u00e1 por primera vez en la \u2026<\/p>\t\t<\/div>\n\t\t\t\t\t\t\t\n\t\t\t\t<\/div>\n\t\t\t<\/div>\n\t\t<\/div>\n\n\t\t\t\t\t\t\t\t\t<\/div>\n\t\t\t\t\t<\/div>\n\n\t\t\n\t\t\n\t\t\t\t\t\t<\/div>\n\t\t\t\t<\/div>\n\t\t\t\t\t<\/div>\n\t\t<\/div>\n\t\t\t\t\t<\/div>\n\t\t<\/section>\n\t\t\t\t<section class=\"elementor-section elementor-top-section elementor-element elementor-element-70baa4c elementor-section-boxed elementor-section-height-default elementor-section-height-default\" data-id=\"70baa4c\" data-element_type=\"section\" data-e-type=\"section\">\n\t\t\t\t\t\t<div class=\"elementor-container elementor-column-gap-default\">\n\t\t\t\t\t<div class=\"elementor-column elementor-col-100 elementor-top-column elementor-element elementor-element-4d38e72\" data-id=\"4d38e72\" data-element_type=\"column\" data-e-type=\"column\">\n\t\t\t<div class=\"elementor-widget-wrap elementor-element-populated\">\n\t\t\t\t\t\t<div class=\"elementor-element elementor-element-c322c49 elementor-widget elementor-widget-heading\" data-id=\"c322c49\" data-element_type=\"widget\" data-e-type=\"widget\" data-widget_type=\"heading.default\">\n\t\t\t\t<div class=\"elementor-widget-container\">\n\t\t\t\t\t<h6 class=\"elementor-heading-title elementor-size-default\">EDICIONES ANTERIORES<\/h6>\t\t\t\t<\/div>\n\t\t\t\t<\/div>\n\t\t\t\t\t<\/div>\n\t\t<\/div>\n\t\t\t\t\t<\/div>\n\t\t<\/section>\n\t\t\t\t<section class=\"elementor-section elementor-top-section elementor-element elementor-element-b3e0207 elementor-section-boxed elementor-section-height-default elementor-section-height-default\" data-id=\"b3e0207\" data-element_type=\"section\" data-e-type=\"section\">\n\t\t\t\t\t\t<div class=\"elementor-container elementor-column-gap-default\">\n\t\t\t\t\t<div class=\"elementor-column elementor-col-100 elementor-top-column elementor-element elementor-element-38b02c0\" data-id=\"38b02c0\" data-element_type=\"column\" data-e-type=\"column\">\n\t\t\t<div class=\"elementor-widget-wrap elementor-element-populated\">\n\t\t\t\t\t\t<div class=\"elementor-element elementor-element-efd921c elementor-widget elementor-widget-heading\" data-id=\"efd921c\" data-element_type=\"widget\" data-e-type=\"widget\" data-widget_type=\"heading.default\">\n\t\t\t\t<div class=\"elementor-widget-container\">\n\t\t\t\t\t<h2 class=\"elementor-heading-title elementor-size-default\">As\u00ed vimimos las Rondas de Negocios<\/h2>\t\t\t\t<\/div>\n\t\t\t\t<\/div>\n\t\t\t\t\t<\/div>\n\t\t<\/div>\n\t\t\t\t\t<\/div>\n\t\t<\/section>\n\t\t\t\t<section class=\"elementor-section elementor-top-section elementor-element elementor-element-5439a43 elementor-section-boxed elementor-section-height-default elementor-section-height-default\" data-id=\"5439a43\" data-element_type=\"section\" data-e-type=\"section\">\n\t\t\t\t\t\t<div class=\"elementor-container elementor-column-gap-default\">\n\t\t\t\t\t<div class=\"elementor-column elementor-col-100 elementor-top-column elementor-element elementor-element-183b74c\" data-id=\"183b74c\" data-element_type=\"column\" data-e-type=\"column\">\n\t\t\t<div class=\"elementor-widget-wrap elementor-element-populated\">\n\t\t\t\t\t\t<div class=\"elementor-element elementor-element-54e25a0 elementor-widget__width-inherit elementor-arrows-position-inside elementor-pagination-position-outside elementor-widget elementor-widget-image-carousel\" data-id=\"54e25a0\" data-element_type=\"widget\" data-e-type=\"widget\" data-settings=\"{&quot;speed&quot;:1000,&quot;navigation&quot;:&quot;both&quot;,&quot;autoplay&quot;:&quot;yes&quot;,&quot;pause_on_hover&quot;:&quot;yes&quot;,&quot;pause_on_interaction&quot;:&quot;yes&quot;,&quot;autoplay_speed&quot;:5000,&quot;infinite&quot;:&quot;yes&quot;}\" data-widget_type=\"image-carousel.default\">\n\t\t\t\t<div class=\"elementor-widget-container\">\n\t\t\t\t\t\t\t<div class=\"elementor-image-carousel-wrapper swiper\" role=\"region\" aria-roledescription=\"carousel\" aria-label=\"Carrusel de im\u00e1genes\" dir=\"ltr\">\n\t\t\t<div class=\"elementor-image-carousel swiper-wrapper swiper-image-stretch\" aria-live=\"off\">\n\t\t\t\t\t\t\t\t<div class=\"swiper-slide\" role=\"group\" aria-roledescription=\"slide\" aria-label=\"1 de 6\"><figure class=\"swiper-slide-inner\"><img decoding=\"async\" class=\"swiper-slide-image\" src=\"https:\/\/www.camara-sl.org.ar\/website\/wp-content\/uploads\/2026\/08\/ronda-de-negocios-3.jpg\" alt=\"ronda-de-negocios-3\" \/><\/figure><\/div><div class=\"swiper-slide\" role=\"group\" aria-roledescription=\"slide\" aria-label=\"2 de 6\"><figure class=\"swiper-slide-inner\"><img decoding=\"async\" class=\"swiper-slide-image\" src=\"https:\/\/www.camara-sl.org.ar\/website\/wp-content\/uploads\/2026\/06\/Sinergia-Pyme-2026-9.jpeg\" alt=\"Sinergia Pyme 2026 (9)\" \/><\/figure><\/div><div class=\"swiper-slide\" role=\"group\" aria-roledescription=\"slide\" aria-label=\"3 de 6\"><figure class=\"swiper-slide-inner\"><img decoding=\"async\" class=\"swiper-slide-image\" src=\"https:\/\/www.camara-sl.org.ar\/website\/wp-content\/uploads\/2026\/08\/ronda-de-negocios-2.jpg\" alt=\"ronda-de-negocios-2\" \/><\/figure><\/div><div class=\"swiper-slide\" role=\"group\" aria-roledescription=\"slide\" aria-label=\"4 de 6\"><figure class=\"swiper-slide-inner\"><img decoding=\"async\" class=\"swiper-slide-image\" src=\"https:\/\/www.camara-sl.org.ar\/website\/wp-content\/uploads\/2026\/06\/Sinergia-Pyme-2026-8.jpeg\" alt=\"Sinergia Pyme 2026 (8)\" \/><\/figure><\/div><div class=\"swiper-slide\" role=\"group\" aria-roledescription=\"slide\" aria-label=\"5 de 6\"><figure class=\"swiper-slide-inner\"><img decoding=\"async\" class=\"swiper-slide-image\" src=\"https:\/\/www.camara-sl.org.ar\/website\/wp-content\/uploads\/2026\/06\/Sinergia-Pyme-2026-7.jpeg\" alt=\"Sinergia Pyme 2026 (7)\" \/><\/figure><\/div><div class=\"swiper-slide\" role=\"group\" aria-roledescription=\"slide\" aria-label=\"6 de 6\"><figure class=\"swiper-slide-inner\"><img decoding=\"async\" class=\"swiper-slide-image\" src=\"https:\/\/www.camara-sl.org.ar\/website\/wp-content\/uploads\/2026\/08\/ronda-de-negocios-4.jpg\" alt=\"ronda-de-negocios-4\" \/><\/figure><\/div>\t\t\t<\/div>\n\t\t\t\t\t\t\t\t\t\t\t\t<div class=\"elementor-swiper-button elementor-swiper-button-prev\" role=\"button\" tabindex=\"0\">\n\t\t\t\t\t\t<svg aria-hidden=\"true\" class=\"e-font-icon-svg e-eicon-chevron-left\" viewBox=\"0 0 1000 1000\" xmlns=\"http:\/\/www.w3.org\/2000\/svg\"><path d=\"M646 125C629 125 613 133 604 142L308 442C296 454 292 471 292 487 292 504 296 521 308 533L604 854C617 867 629 875 646 875 663 875 679 871 692 858 704 846 713 829 713 812 713 796 708 779 692 767L438 487 692 225C700 217 708 204 708 187 708 171 704 154 692 142 675 129 663 125 646 125Z\"><\/path><\/svg>\t\t\t\t\t<\/div>\n\t\t\t\t\t<div class=\"elementor-swiper-button elementor-swiper-button-next\" role=\"button\" tabindex=\"0\">\n\t\t\t\t\t\t<svg aria-hidden=\"true\" class=\"e-font-icon-svg e-eicon-chevron-right\" viewBox=\"0 0 1000 1000\" xmlns=\"http:\/\/www.w3.org\/2000\/svg\"><path d=\"M696 533C708 521 713 504 713 487 713 471 708 454 696 446L400 146C388 133 375 125 354 125 338 125 325 129 313 142 300 154 292 171 292 187 292 204 296 221 308 233L563 492 304 771C292 783 288 800 288 817 288 833 296 850 308 863 321 871 338 875 354 875 371 875 388 867 400 854L696 533Z\"><\/path><\/svg>\t\t\t\t\t<\/div>\n\t\t\t\t\n\t\t\t\t\t\t\t\t\t<div class=\"swiper-pagination\"><\/div>\n\t\t\t\t\t\t\t\t\t<\/div>\n\t\t\t\t\t\t<\/div>\n\t\t\t\t<\/div>\n\t\t\t\t\t<\/div>\n\t\t<\/div>\n\t\t\t\t\t<\/div>\n\t\t<\/section>\n\t\t\t\t<section class=\"elementor-section elementor-top-section elementor-element elementor-element-b99ae54 elementor-section-boxed elementor-section-height-default elementor-section-height-default\" data-id=\"b99ae54\" data-element_type=\"section\" data-e-type=\"section\">\n\t\t\t\t\t\t\t<div class=\"elementor-background-overlay\"><\/div>\n\t\t\t\t\t\t\t<div class=\"elementor-container elementor-column-gap-default\">\n\t\t\t\t\t<div class=\"elementor-column elementor-col-100 elementor-top-column elementor-element elementor-element-698043d\" data-id=\"698043d\" data-element_type=\"column\" data-e-type=\"column\">\n\t\t\t<div class=\"elementor-widget-wrap elementor-element-populated\">\n\t\t\t\t\t\t<div class=\"elementor-element elementor-element-b026dd6 elementor-widget elementor-widget-heading\" data-id=\"b026dd6\" data-element_type=\"widget\" data-e-type=\"widget\" data-widget_type=\"heading.default\">\n\t\t\t\t<div class=\"elementor-widget-container\">\n\t\t\t\t\t<h2 class=\"elementor-heading-title elementor-size-default\">Sea parte del Mes <br> de la Industria 2026<\/h2>\t\t\t\t<\/div>\n\t\t\t\t<\/div>\n\t\t\t\t<div class=\"elementor-element elementor-element-12dcbd8 elementor-widget elementor-widget-text-editor\" data-id=\"12dcbd8\" data-element_type=\"widget\" data-e-type=\"widget\" data-widget_type=\"text-editor.default\">\n\t\t\t\t<div class=\"elementor-widget-container\">\n\t\t\t\t\t\t\t\t\t<p>Conoc\u00e9 las actividades, particip\u00e1 de las Rondas de Negocios y con\u00e9ctate con el entramado productivo de nuestra regi\u00f3n.<\/p>\t\t\t\t\t\t\t\t<\/div>\n\t\t\t\t<\/div>\n\t\t\t\t\t<\/div>\n\t\t<\/div>\n\t\t\t\t\t<\/div>\n\t\t<\/section>\n\t\t\t\t<\/div>\n\t\t","protected":false},"excerpt":{"rendered":"<p>Poner en valor nuestra industria Una iniciativa enfocada en fortalecer el ecosistema productivo local, creando conexiones y generando informaci\u00f3n estrat\u00e9gica Conectar Empresas, instituciones y actores productivos para fomentar alianzas estrat\u00e9gicas. Impulsar Nuevas oportunidades de negocios y crecimiento a trav\u00e9s de herramientas concretas. Proyectar Informaci\u00f3n y conocimiento para anticipar tendencias y mejorar la competitividad. AGENDA 2026 [&hellip;]<\/p>\n","protected":false},"author":2,"featured_media":0,"parent":0,"menu_order":0,"comment_status":"closed","ping_status":"closed","template":"","meta":{"_monsterinsights_skip_tracking":false,"site-sidebar-layout":"no-sidebar","site-content-layout":"","ast-site-content-layout":"full-width-container","site-content-style":"default","site-sidebar-style":"default","ast-global-header-display":"","ast-banner-title-visibility":"","ast-main-header-display":"","ast-hfb-above-header-display":"","ast-hfb-below-header-display":"","ast-hfb-mobile-header-display":"","site-post-title":"disabled","ast-breadcrumbs-content":"","ast-featured-img":"disabled","footer-sml-layout":"","ast-disable-related-posts":"","theme-transparent-header-meta":"default","adv-header-id-meta":"","stick-header-meta":"","header-above-stick-meta":"","header-main-stick-meta":"","header-below-stick-meta":"","astra-migrate-meta-layouts":"set","ast-page-background-enabled":"default","ast-page-background-meta":{"desktop":{"background-color":"var(--ast-global-color-5)","background-image":"","background-repeat":"repeat","background-position":"center center","background-size":"auto","background-attachment":"scroll","background-type":"","background-media":"","overlay-type":"","overlay-color":"","overlay-opacity":"","overlay-gradient":""},"tablet":{"background-color":"","background-image":"","background-repeat":"repeat","background-position":"center center","background-size":"auto","background-attachment":"scroll","background-type":"","background-media":"","overlay-type":"","overlay-color":"","overlay-opacity":"","overlay-gradient":""},"mobile":{"background-color":"","background-image":"","background-repeat":"repeat","background-position":"center center","background-size":"auto","background-attachment":"scroll","background-type":"","background-media":"","overlay-type":"","overlay-color":"","overlay-opacity":"","overlay-gradient":""}},"ast-content-background-meta":{"desktop":{"background-color":"var(--ast-global-color-4)","background-image":"","background-repeat":"repeat","background-position":"center center","background-size":"auto","background-attachment":"scroll","background-type":"","background-media":"","overlay-type":"","overlay-color":"","overlay-opacity":"","overlay-gradient":""},"tablet":{"background-color":"var(--ast-global-color-4)","background-image":"","background-repeat":"repeat","background-position":"center center","background-size":"auto","background-attachment":"scroll","background-type":"","background-media":"","overlay-type":"","overlay-color":"","overlay-opacity":"","overlay-gradient":""},"mobile":{"background-color":"var(--ast-global-color-4)","background-image":"","background-repeat":"repeat","background-position":"center center","background-size":"auto","background-attachment":"scroll","background-type":"","background-media":"","overlay-type":"","overlay-color":"","overlay-opacity":"","overlay-gradient":""}},"footnotes":""},"class_list":["post-9596","page","type-page","status-publish","hentry"],"aioseo_notices":[],"aioseo_head":"\n\t\t<!-- All in One SEO 5.0.1 - aioseo.com -->\n\t<meta name=\"description\" content=\"En el Mes de la Industria 2026, la reconocida referente en liderazgo y transformaci\u00f3n digital se presentar\u00e1 por primera vez en la regi\u00f3n el jueves 3 de septiembre en el Teatro Aldo Braga. Organizada por la C\u00e1mara de San Lorenzo y la Fundaci\u00f3n Aportar, la actividad es sin cargo, con inscripci\u00f3n previa y un fin\" \/>\n\t<meta name=\"robots\" content=\"max-image-preview:large\" \/>\n\t<link rel=\"canonical\" href=\"https:\/\/www.camara-sl.org.ar\/website\/2026\/08\/charla-magistral-de-patricia-jebsen-el-mundo-del-trabajo\/\" \/>\n\t<meta name=\"generator\" content=\"All in One SEO (AIOSEO) 5.0.1\" \/>\n\t\t<meta property=\"og:locale\" content=\"es_ES\" \/>\n\t\t<meta property=\"og:site_name\" content=\"C\u00e1mara de Comercio Industria y Servicios de San Lorenzo y su Zona | Protagonistas del Desarrollo Productivo de Nuestra Regi\u00f3n\" \/>\n\t\t<meta property=\"og:type\" content=\"article\" \/>\n\t\t<meta property=\"og:title\" content=\"Charla Magistral de Patricia Jebsen: El mundo del trabajo | C\u00e1mara de Comercio Industria y Servicios de San Lorenzo y su Zona\" \/>\n\t\t<meta property=\"og:description\" content=\"En el Mes de la Industria 2026, la reconocida referente en liderazgo y transformaci\u00f3n digital se presentar\u00e1 por primera vez en la regi\u00f3n el jueves 3 de septiembre en el Teatro Aldo Braga. Organizada por la C\u00e1mara de San Lorenzo y la Fundaci\u00f3n Aportar, la actividad es sin cargo, con inscripci\u00f3n previa y un fin\" \/>\n\t\t<meta property=\"og:url\" content=\"https:\/\/www.camara-sl.org.ar\/website\/2026\/08\/charla-magistral-de-patricia-jebsen-el-mundo-del-trabajo\/\" \/>\n\t\t<meta property=\"og:image\" content=\"https:\/\/www.camara-sl.org.ar\/website\/wp-content\/uploads\/2026\/03\/logo-CSL.svg\" \/>\n\t\t<meta property=\"og:image:secure_url\" content=\"https:\/\/www.camara-sl.org.ar\/website\/wp-content\/uploads\/2026\/03\/logo-CSL.svg\" \/>\n\t\t<meta property=\"article:published_time\" content=\"2026-08-18T18:16:23+00:00\" \/>\n\t\t<meta property=\"article:modified_time\" content=\"2026-08-31T16:05:24+00:00\" \/>\n\t\t<meta name=\"twitter:card\" content=\"summary\" \/>\n\t\t<meta name=\"twitter:title\" content=\"Charla Magistral de Patricia Jebsen: El mundo del trabajo | C\u00e1mara de Comercio Industria y Servicios de San Lorenzo y su Zona\" \/>\n\t\t<meta name=\"twitter:description\" content=\"En el Mes de la Industria 2026, la reconocida referente en liderazgo y transformaci\u00f3n digital se presentar\u00e1 por primera vez en la regi\u00f3n el jueves 3 de septiembre en el Teatro Aldo Braga. Organizada por la C\u00e1mara de San Lorenzo y la Fundaci\u00f3n Aportar, la actividad es sin cargo, con inscripci\u00f3n previa y un fin\" \/>\n\t\t<meta name=\"twitter:image\" content=\"https:\/\/www.camara-sl.org.ar\/website\/wp-content\/uploads\/2026\/03\/logo-CSL.svg\" \/>\n\t\t<script type=\"application\/ld+json\" class=\"aioseo-schema\">\n\t\t\t{\"@context\":\"https:\\\/\\\/schema.org\",\"@graph\":[{\"@type\":\"Article\",\"@id\":\"https:\\\/\\\/www.camara-sl.org.ar\\\/website\\\/2026\\\/08\\\/charla-magistral-de-patricia-jebsen-el-mundo-del-trabajo\\\/#article\",\"name\":\"Charla Magistral de Patricia Jebsen: El mundo del trabajo | C\\u00e1mara de Comercio Industria y Servicios de San Lorenzo y su Zona\",\"headline\":\"Charla Magistral de Patricia Jebsen: El mundo del trabajo\",\"author\":{\"@id\":\"https:\\\/\\\/www.camara-sl.org.ar\\\/website\\\/author\\\/santi\\\/#author\"},\"publisher\":{\"@id\":\"https:\\\/\\\/www.camara-sl.org.ar\\\/website\\\/#organization\"},\"image\":{\"@type\":\"ImageObject\",\"url\":\"https:\\\/\\\/www.camara-sl.org.ar\\\/website\\\/wp-content\\\/uploads\\\/2026\\\/08\\\/CHARLA_CAMARA_WEB.png\",\"width\":1080,\"height\":764},\"datePublished\":\"2026-08-18T15:16:23-03:00\",\"dateModified\":\"2026-08-31T13:05:24-03:00\",\"inLanguage\":\"es-ES\",\"mainEntityOfPage\":{\"@id\":\"https:\\\/\\\/www.camara-sl.org.ar\\\/website\\\/2026\\\/08\\\/charla-magistral-de-patricia-jebsen-el-mundo-del-trabajo\\\/#webpage\"},\"isPartOf\":{\"@id\":\"https:\\\/\\\/www.camara-sl.org.ar\\\/website\\\/2026\\\/08\\\/charla-magistral-de-patricia-jebsen-el-mundo-del-trabajo\\\/#webpage\"},\"articleSection\":\"Destacadas, Novedades, Mes de la Industria 2026\"},{\"@type\":\"BreadcrumbList\",\"@id\":\"https:\\\/\\\/www.camara-sl.org.ar\\\/website\\\/2026\\\/08\\\/charla-magistral-de-patricia-jebsen-el-mundo-del-trabajo\\\/#breadcrumblist\",\"itemListElement\":[{\"@type\":\"ListItem\",\"@id\":\"https:\\\/\\\/www.camara-sl.org.ar\\\/website#listItem\",\"position\":1,\"name\":\"Inicio\",\"item\":\"https:\\\/\\\/www.camara-sl.org.ar\\\/website\",\"nextItem\":{\"@type\":\"ListItem\",\"@id\":\"https:\\\/\\\/www.camara-sl.org.ar\\\/website\\\/mes-de-la-industria-2026\\\/#listItem\",\"name\":\"Mes de la Industria 2026\"}},{\"@type\":\"ListItem\",\"@id\":\"https:\\\/\\\/www.camara-sl.org.ar\\\/website\\\/mes-de-la-industria-2026\\\/#listItem\",\"position\":2,\"name\":\"Mes de la Industria 2026\",\"previousItem\":{\"@type\":\"ListItem\",\"@id\":\"https:\\\/\\\/www.camara-sl.org.ar\\\/website#listItem\",\"name\":\"Inicio\"}}]},{\"@type\":\"Organization\",\"@id\":\"https:\\\/\\\/www.camara-sl.org.ar\\\/website\\\/#organization\",\"name\":\"Camara de Comercio, Industria y Servicios de San Lorenzo y su Zona\",\"description\":\"Protagonistas del Desarrollo Productivo de Nuestra Regi\\u00f3n\",\"url\":\"https:\\\/\\\/www.camara-sl.org.ar\\\/website\\\/\",\"telephone\":\"+543476424970\",\"logo\":{\"@type\":\"ImageObject\",\"url\":\"https:\\\/\\\/www.camara-sl.org.ar\\\/website\\\/wp-content\\\/uploads\\\/2019\\\/05\\\/logo-logocamara-2019.png\",\"@id\":\"https:\\\/\\\/www.camara-sl.org.ar\\\/website\\\/2026\\\/08\\\/charla-magistral-de-patricia-jebsen-el-mundo-del-trabajo\\\/#organizationLogo\",\"width\":353,\"height\":134},\"image\":{\"@id\":\"https:\\\/\\\/www.camara-sl.org.ar\\\/website\\\/2026\\\/08\\\/charla-magistral-de-patricia-jebsen-el-mundo-del-trabajo\\\/#organizationLogo\"}},{\"@type\":\"Person\",\"@id\":\"https:\\\/\\\/www.camara-sl.org.ar\\\/website\\\/author\\\/santi\\\/#author\",\"url\":\"https:\\\/\\\/www.camara-sl.org.ar\\\/website\\\/author\\\/santi\\\/\",\"name\":\"Santi\",\"image\":{\"@type\":\"ImageObject\",\"@id\":\"https:\\\/\\\/www.camara-sl.org.ar\\\/website\\\/2026\\\/08\\\/charla-magistral-de-patricia-jebsen-el-mundo-del-trabajo\\\/#authorImage\",\"url\":\"https:\\\/\\\/secure.gravatar.com\\\/avatar\\\/cd13301c778f3d90d121a94ba31e540426aa00d1c37e011fb2c9d969b7cdf5cc?s=96&d=mm&r=g\",\"width\":96,\"height\":96,\"caption\":\"Santi\"}},{\"@type\":\"WebPage\",\"@id\":\"https:\\\/\\\/www.camara-sl.org.ar\\\/website\\\/2026\\\/08\\\/charla-magistral-de-patricia-jebsen-el-mundo-del-trabajo\\\/#webpage\",\"url\":\"https:\\\/\\\/www.camara-sl.org.ar\\\/website\\\/2026\\\/08\\\/charla-magistral-de-patricia-jebsen-el-mundo-del-trabajo\\\/\",\"name\":\"Charla Magistral de Patricia Jebsen: El mundo del trabajo | C\\u00e1mara de Comercio Industria y Servicios de San Lorenzo y su Zona\",\"description\":\"En el Mes de la Industria 2026, la reconocida referente en liderazgo y transformaci\\u00f3n digital se presentar\\u00e1 por primera vez en la regi\\u00f3n el jueves 3 de septiembre en el Teatro Aldo Braga. Organizada por la C\\u00e1mara de San Lorenzo y la Fundaci\\u00f3n Aportar, la actividad es sin cargo, con inscripci\\u00f3n previa y un fin\",\"inLanguage\":\"es-ES\",\"isPartOf\":{\"@id\":\"https:\\\/\\\/www.camara-sl.org.ar\\\/website\\\/#website\"},\"breadcrumb\":{\"@id\":\"https:\\\/\\\/www.camara-sl.org.ar\\\/website\\\/2026\\\/08\\\/charla-magistral-de-patricia-jebsen-el-mundo-del-trabajo\\\/#breadcrumblist\"},\"author\":{\"@id\":\"https:\\\/\\\/www.camara-sl.org.ar\\\/website\\\/author\\\/santi\\\/#author\"},\"creator\":{\"@id\":\"https:\\\/\\\/www.camara-sl.org.ar\\\/website\\\/author\\\/santi\\\/#author\"},\"image\":{\"@type\":\"ImageObject\",\"url\":\"https:\\\/\\\/www.camara-sl.org.ar\\\/website\\\/wp-content\\\/uploads\\\/2026\\\/08\\\/CHARLA_CAMARA_WEB.png\",\"@id\":\"https:\\\/\\\/www.camara-sl.org.ar\\\/website\\\/2026\\\/08\\\/charla-magistral-de-patricia-jebsen-el-mundo-del-trabajo\\\/#mainImage\",\"width\":1080,\"height\":764},\"primaryImageOfPage\":{\"@id\":\"https:\\\/\\\/www.camara-sl.org.ar\\\/website\\\/2026\\\/08\\\/charla-magistral-de-patricia-jebsen-el-mundo-del-trabajo\\\/#mainImage\"},\"datePublished\":\"2026-08-18T15:16:23-03:00\",\"dateModified\":\"2026-08-31T13:05:24-03:00\"},{\"@type\":\"WebSite\",\"@id\":\"https:\\\/\\\/www.camara-sl.org.ar\\\/website\\\/#website\",\"url\":\"https:\\\/\\\/www.camara-sl.org.ar\\\/website\\\/\",\"name\":\"Camara de Comercio Industria y Servicios de San Lorenzo y su Zona\",\"description\":\"Protagonistas del Desarrollo Productivo de Nuestra Regi\\u00f3n\",\"inLanguage\":\"es-ES\",\"publisher\":{\"@id\":\"https:\\\/\\\/www.camara-sl.org.ar\\\/website\\\/#organization\"}}]}\n\t\t<\/script>\n\t\t<!-- All in One SEO -->\n\n","aioseo_head_json":{"title":"Charla Magistral de Patricia Jebsen: El mundo del trabajo | C\u00e1mara de Comercio Industria y Servicios de San Lorenzo y su Zona","description":"En el Mes de la Industria 2026, la reconocida referente en liderazgo y transformaci\u00f3n digital se presentar\u00e1 por primera vez en la regi\u00f3n el jueves 3 de septiembre en el Teatro Aldo Braga. Organizada por la C\u00e1mara de San Lorenzo y la Fundaci\u00f3n Aportar, la actividad es sin cargo, con inscripci\u00f3n previa y un fin","canonical_url":"https:\/\/www.camara-sl.org.ar\/website\/2026\/08\/charla-magistral-de-patricia-jebsen-el-mundo-del-trabajo\/","robots":"max-image-preview:large","keywords":"","webmasterTools":{"miscellaneous":""},"schema":{"@context":"https:\/\/schema.org","@graph":[{"@type":"Article","@id":"https:\/\/www.camara-sl.org.ar\/website\/2026\/08\/charla-magistral-de-patricia-jebsen-el-mundo-del-trabajo\/#article","name":"Charla Magistral de Patricia Jebsen: El mundo del trabajo | C\u00e1mara de Comercio Industria y Servicios de San Lorenzo y su Zona","headline":"Charla Magistral de Patricia Jebsen: El mundo del trabajo","author":{"@id":"https:\/\/www.camara-sl.org.ar\/website\/author\/santi\/#author"},"publisher":{"@id":"https:\/\/www.camara-sl.org.ar\/website\/#organization"},"image":{"@type":"ImageObject","url":"https:\/\/www.camara-sl.org.ar\/website\/wp-content\/uploads\/2026\/08\/CHARLA_CAMARA_WEB.png","width":1080,"height":764},"datePublished":"2026-08-18T15:16:23-03:00","dateModified":"2026-08-31T13:05:24-03:00","inLanguage":"es-ES","mainEntityOfPage":{"@id":"https:\/\/www.camara-sl.org.ar\/website\/2026\/08\/charla-magistral-de-patricia-jebsen-el-mundo-del-trabajo\/#webpage"},"isPartOf":{"@id":"https:\/\/www.camara-sl.org.ar\/website\/2026\/08\/charla-magistral-de-patricia-jebsen-el-mundo-del-trabajo\/#webpage"},"articleSection":"Destacadas, Novedades, Mes de la Industria 2026"},{"@type":"BreadcrumbList","@id":"https:\/\/www.camara-sl.org.ar\/website\/2026\/08\/charla-magistral-de-patricia-jebsen-el-mundo-del-trabajo\/#breadcrumblist","itemListElement":[{"@type":"ListItem","@id":"https:\/\/www.camara-sl.org.ar\/website#listItem","position":1,"name":"Inicio","item":"https:\/\/www.camara-sl.org.ar\/website","nextItem":{"@type":"ListItem","@id":"https:\/\/www.camara-sl.org.ar\/website\/mes-de-la-industria-2026\/#listItem","name":"Mes de la Industria 2026"}},{"@type":"ListItem","@id":"https:\/\/www.camara-sl.org.ar\/website\/mes-de-la-industria-2026\/#listItem","position":2,"name":"Mes de la Industria 2026","previousItem":{"@type":"ListItem","@id":"https:\/\/www.camara-sl.org.ar\/website#listItem","name":"Inicio"}}]},{"@type":"Organization","@id":"https:\/\/www.camara-sl.org.ar\/website\/#organization","name":"Camara de Comercio, Industria y Servicios de San Lorenzo y su Zona","description":"Protagonistas del Desarrollo Productivo de Nuestra Regi\u00f3n","url":"https:\/\/www.camara-sl.org.ar\/website\/","telephone":"+543476424970","logo":{"@type":"ImageObject","url":"https:\/\/www.camara-sl.org.ar\/website\/wp-content\/uploads\/2019\/05\/logo-logocamara-2019.png","@id":"https:\/\/www.camara-sl.org.ar\/website\/2026\/08\/charla-magistral-de-patricia-jebsen-el-mundo-del-trabajo\/#organizationLogo","width":353,"height":134},"image":{"@id":"https:\/\/www.camara-sl.org.ar\/website\/2026\/08\/charla-magistral-de-patricia-jebsen-el-mundo-del-trabajo\/#organizationLogo"}},{"@type":"Person","@id":"https:\/\/www.camara-sl.org.ar\/website\/author\/santi\/#author","url":"https:\/\/www.camara-sl.org.ar\/website\/author\/santi\/","name":"Santi","image":{"@type":"ImageObject","@id":"https:\/\/www.camara-sl.org.ar\/website\/2026\/08\/charla-magistral-de-patricia-jebsen-el-mundo-del-trabajo\/#authorImage","url":"https:\/\/secure.gravatar.com\/avatar\/cd13301c778f3d90d121a94ba31e540426aa00d1c37e011fb2c9d969b7cdf5cc?s=96&d=mm&r=g","width":96,"height":96,"caption":"Santi"}},{"@type":"WebPage","@id":"https:\/\/www.camara-sl.org.ar\/website\/2026\/08\/charla-magistral-de-patricia-jebsen-el-mundo-del-trabajo\/#webpage","url":"https:\/\/www.camara-sl.org.ar\/website\/2026\/08\/charla-magistral-de-patricia-jebsen-el-mundo-del-trabajo\/","name":"Charla Magistral de Patricia Jebsen: El mundo del trabajo | C\u00e1mara de Comercio Industria y Servicios de San Lorenzo y su Zona","description":"En el Mes de la Industria 2026, la reconocida referente en liderazgo y transformaci\u00f3n digital se presentar\u00e1 por primera vez en la regi\u00f3n el jueves 3 de septiembre en el Teatro Aldo Braga. Organizada por la C\u00e1mara de San Lorenzo y la Fundaci\u00f3n Aportar, la actividad es sin cargo, con inscripci\u00f3n previa y un fin","inLanguage":"es-ES","isPartOf":{"@id":"https:\/\/www.camara-sl.org.ar\/website\/#website"},"breadcrumb":{"@id":"https:\/\/www.camara-sl.org.ar\/website\/2026\/08\/charla-magistral-de-patricia-jebsen-el-mundo-del-trabajo\/#breadcrumblist"},"author":{"@id":"https:\/\/www.camara-sl.org.ar\/website\/author\/santi\/#author"},"creator":{"@id":"https:\/\/www.camara-sl.org.ar\/website\/author\/santi\/#author"},"image":{"@type":"ImageObject","url":"https:\/\/www.camara-sl.org.ar\/website\/wp-content\/uploads\/2026\/08\/CHARLA_CAMARA_WEB.png","@id":"https:\/\/www.camara-sl.org.ar\/website\/2026\/08\/charla-magistral-de-patricia-jebsen-el-mundo-del-trabajo\/#mainImage","width":1080,"height":764},"primaryImageOfPage":{"@id":"https:\/\/www.camara-sl.org.ar\/website\/2026\/08\/charla-magistral-de-patricia-jebsen-el-mundo-del-trabajo\/#mainImage"},"datePublished":"2026-08-18T15:16:23-03:00","dateModified":"2026-08-31T13:05:24-03:00"},{"@type":"WebSite","@id":"https:\/\/www.camara-sl.org.ar\/website\/#website","url":"https:\/\/www.camara-sl.org.ar\/website\/","name":"Camara de Comercio Industria y Servicios de San Lorenzo y su Zona","description":"Protagonistas del Desarrollo Productivo de Nuestra Regi\u00f3n","inLanguage":"es-ES","publisher":{"@id":"https:\/\/www.camara-sl.org.ar\/website\/#organization"}}]},"og:locale":"es_ES","og:site_name":"C\u00e1mara de Comercio Industria y Servicios de San Lorenzo y su Zona | Protagonistas del Desarrollo Productivo de Nuestra Regi\u00f3n","og:type":"article","og:title":"Charla Magistral de Patricia Jebsen: El mundo del trabajo | C\u00e1mara de Comercio Industria y Servicios de San Lorenzo y su Zona","og:description":"En el Mes de la Industria 2026, la reconocida referente en liderazgo y transformaci\u00f3n digital se presentar\u00e1 por primera vez en la regi\u00f3n el jueves 3 de septiembre en el Teatro Aldo Braga. Organizada por la C\u00e1mara de San Lorenzo y la Fundaci\u00f3n Aportar, la actividad es sin cargo, con inscripci\u00f3n previa y un fin","og:url":"https:\/\/www.camara-sl.org.ar\/website\/2026\/08\/charla-magistral-de-patricia-jebsen-el-mundo-del-trabajo\/","og:image":"https:\/\/www.camara-sl.org.ar\/website\/wp-content\/uploads\/2026\/03\/logo-CSL.svg","og:image:secure_url":"https:\/\/www.camara-sl.org.ar\/website\/wp-content\/uploads\/2026\/03\/logo-CSL.svg","article:published_time":"2026-08-18T18:16:23+00:00","article:modified_time":"2026-08-31T16:05:24+00:00","twitter:card":"summary","twitter:title":"Charla Magistral de Patricia Jebsen: El mundo del trabajo | C\u00e1mara de Comercio Industria y Servicios de San Lorenzo y su Zona","twitter:description":"En el Mes de la Industria 2026, la reconocida referente en liderazgo y transformaci\u00f3n digital se presentar\u00e1 por primera vez en la regi\u00f3n el jueves 3 de septiembre en el Teatro Aldo Braga. Organizada por la C\u00e1mara de San Lorenzo y la Fundaci\u00f3n Aportar, la actividad es sin cargo, con inscripci\u00f3n previa y un fin","twitter:image":"https:\/\/www.camara-sl.org.ar\/website\/wp-content\/uploads\/2026\/03\/logo-CSL.svg"},"aioseo_meta_data":{"post_id":"9596","title":null,"description":null,"keywords":null,"keyphrases":{"focus":{"keyphrase":"","score":0,"analysis":{"keyphraseInTitle":{"score":0,"maxScore":9,"error":1}}},"additional":[]},"primary_term":null,"canonical_url":null,"og_title":null,"og_description":null,"og_object_type":"default","og_image_type":"default","og_image_url":null,"og_image_width":null,"og_image_height":null,"og_image_custom_url":null,"og_image_custom_fields":null,"og_video":"","og_custom_url":null,"og_article_section":null,"og_article_tags":null,"twitter_use_og":false,"twitter_card":"default","twitter_image_type":"default","twitter_image_url":null,"twitter_image_custom_url":null,"twitter_image_custom_fields":null,"twitter_title":null,"twitter_description":null,"schema":{"blockGraphs":[],"customGraphs":[],"default":{"data":{"Article":[],"Course":[],"Dataset":[],"FAQPage":[],"Movie":[],"Person":[],"Product":[],"ProductReview":[],"Car":[],"Recipe":[],"Service":[],"SoftwareApplication":[],"WebPage":[]},"graphName":"WebPage","isEnabled":true},"graphs":[]},"schema_type":"default","schema_type_options":null,"pillar_content":false,"robots_default":true,"robots_noindex":false,"robots_noarchive":false,"robots_nosnippet":false,"robots_nofollow":false,"robots_noimageindex":false,"robots_noodp":false,"robots_notranslate":false,"robots_max_snippet":"-1","robots_max_videopreview":"-1","robots_max_imagepreview":"large","priority":null,"frequency":"default","location":null,"local_seo":null,"breadcrumb_settings":null,"limit_modified_date":false,"ai":{"faqs":[],"keyPoints":[],"schemas":[],"titles":[],"descriptions":[],"socialPosts":{"email":{"subject":"","preview":"","content":""},"linkedin":[],"twitter":[],"facebook":[],"instagram":[]}},"created":"2026-08-27 16:29:24","updated":"2026-09-01 14:47:27","seo_analyzer_scan_date":null,"focus_keyword":null,"additional_keywords":null,"truseo_locale":null},"_links":{"self":[{"href":"https:\/\/www.camara-sl.org.ar\/website\/wp-json\/wp\/v2\/pages\/9596","targetHints":{"allow":["GET"]}}],"collection":[{"href":"https:\/\/www.camara-sl.org.ar\/website\/wp-json\/wp\/v2\/pages"}],"about":[{"href":"https:\/\/www.camara-sl.org.ar\/website\/wp-json\/wp\/v2\/types\/page"}],"author":[{"embeddable":true,"href":"https:\/\/www.camara-sl.org.ar\/website\/wp-json\/wp\/v2\/users\/2"}],"replies":[{"embeddable":true,"href":"https:\/\/www.camara-sl.org.ar\/website\/wp-json\/wp\/v2\/comments?post=9596"}],"version-history":[{"count":148,"href":"https:\/\/www.camara-sl.org.ar\/website\/wp-json\/wp\/v2\/pages\/9596\/revisions"}],"predecessor-version":[{"id":9780,"href":"https:\/\/www.camara-sl.org.ar\/website\/wp-json\/wp\/v2\/pages\/9596\/revisions\/9780"}],"wp:attachment":[{"href":"https:\/\/www.camara-sl.org.ar\/website\/wp-json\/wp\/v2\/media?parent=9596"}],"curies":[{"name":"wp","href":"https:\/\/api.w.org\/{rel}","templated":true}]}}