{"id":20,"date":"2012-08-29T18:54:32","date_gmt":"2012-08-29T18:54:32","guid":{"rendered":"http:\/\/www.camara-sl.org.ar\/website\/?page_id=20"},"modified":"2026-04-13T14:51:24","modified_gmt":"2026-04-13T17:51:24","slug":"comisiones-internas","status":"publish","type":"page","link":"https:\/\/www.camara-sl.org.ar\/website\/comisiones-internas\/","title":{"rendered":"Comisiones Internas de Trabajo"},"content":{"rendered":"\t\t<div data-elementor-type=\"wp-page\" data-elementor-id=\"20\" class=\"elementor elementor-20\">\n\t\t\t\t\t\t<section class=\"elementor-section elementor-top-section elementor-element elementor-element-b19053b elementor-section-stretched elementor-section-boxed elementor-section-height-default elementor-section-height-default\" data-id=\"b19053b\" data-element_type=\"section\" data-e-type=\"section\" data-settings=\"{&quot;background_background&quot;:&quot;classic&quot;,&quot;stretch_section&quot;:&quot;section-stretched&quot;}\">\n\t\t\t\t\t\t<div class=\"elementor-container elementor-column-gap-default\">\n\t\t\t\t\t<div class=\"elementor-column elementor-col-100 elementor-top-column elementor-element elementor-element-2322bf1\" data-id=\"2322bf1\" data-element_type=\"column\" data-e-type=\"column\">\n\t\t\t<div class=\"elementor-widget-wrap elementor-element-populated\">\n\t\t\t\t\t\t<div class=\"elementor-element elementor-element-38d6c61 elementor-widget elementor-widget-heading\" data-id=\"38d6c61\" data-element_type=\"widget\" data-e-type=\"widget\" data-widget_type=\"heading.default\">\n\t\t\t\t<div class=\"elementor-widget-container\">\n\t\t\t\t\t<h1 class=\"elementor-heading-title elementor-size-default\">Comisiones Internas de Trabajo<\/h1>\t\t\t\t<\/div>\n\t\t\t\t<\/div>\n\t\t\t\t<div class=\"elementor-element elementor-element-ffeb70a elementor-widget elementor-widget-text-editor\" data-id=\"ffeb70a\" data-element_type=\"widget\" data-e-type=\"widget\" data-widget_type=\"text-editor.default\">\n\t\t\t\t<div class=\"elementor-widget-container\">\n\t\t\t\t\t\t\t\t\t<p>Las empresas asociadas participan en Comisiones de Trabajo, fortaleciendo su integraci\u00f3n y compromiso. En estos espacios, sus representantes debaten y definen lineamientos y pol\u00edticas sobre temas clave para el desarrollo del Cord\u00f3n Industrial.<\/p>\t\t\t\t\t\t\t\t<\/div>\n\t\t\t\t<\/div>\n\t\t\t\t\t<\/div>\n\t\t<\/div>\n\t\t\t\t\t<\/div>\n\t\t<\/section>\n\t\t\t\t<section class=\"elementor-section elementor-top-section elementor-element elementor-element-340f1c0 elementor-section-stretched elementor-section-boxed elementor-section-height-default elementor-section-height-default\" data-id=\"340f1c0\" data-element_type=\"section\" data-e-type=\"section\" data-settings=\"{&quot;background_background&quot;:&quot;classic&quot;,&quot;stretch_section&quot;:&quot;section-stretched&quot;}\">\n\t\t\t\t\t\t<div class=\"elementor-container elementor-column-gap-default\">\n\t\t\t\t\t<div class=\"elementor-column elementor-col-33 elementor-top-column elementor-element elementor-element-8b0e771\" data-id=\"8b0e771\" data-element_type=\"column\" data-e-type=\"column\">\n\t\t\t<div class=\"elementor-widget-wrap elementor-element-populated\">\n\t\t\t\t\t\t<div class=\"elementor-element elementor-element-17201c9 elementor-view-stacked elementor-shape-rounded elementor-position-block-start elementor-mobile-position-block-start elementor-widget elementor-widget-icon-box\" data-id=\"17201c9\" data-element_type=\"widget\" data-e-type=\"widget\" data-widget_type=\"icon-box.default\">\n\t\t\t\t<div class=\"elementor-widget-container\">\n\t\t\t\t\t\t\t<div class=\"elementor-icon-box-wrapper\">\n\n\t\t\t\t\t\t<div class=\"elementor-icon-box-icon\">\n\t\t\t\t<span  class=\"elementor-icon\">\n\t\t\t\t<svg aria-hidden=\"true\" class=\"e-font-icon-svg e-fas-ship\" viewBox=\"0 0 640 512\" xmlns=\"http:\/\/www.w3.org\/2000\/svg\"><path d=\"M496.616 372.639l70.012-70.012c16.899-16.9 9.942-45.771-12.836-53.092L512 236.102V96c0-17.673-14.327-32-32-32h-64V24c0-13.255-10.745-24-24-24H248c-13.255 0-24 10.745-24 24v40h-64c-17.673 0-32 14.327-32 32v140.102l-41.792 13.433c-22.753 7.313-29.754 36.173-12.836 53.092l70.012 70.012C125.828 416.287 85.587 448 24 448c-13.255 0-24 10.745-24 24v16c0 13.255 10.745 24 24 24 61.023 0 107.499-20.61 143.258-59.396C181.677 487.432 216.021 512 256 512h128c39.979 0 74.323-24.568 88.742-59.396C508.495 491.384 554.968 512 616 512c13.255 0 24-10.745 24-24v-16c0-13.255-10.745-24-24-24-60.817 0-101.542-31.001-119.384-75.361zM192 128h256v87.531l-118.208-37.995a31.995 31.995 0 0 0-19.584 0L192 215.531V128z\"><\/path><\/svg>\t\t\t\t<\/span>\n\t\t\t<\/div>\n\t\t\t\n\t\t\t\t\t\t<div class=\"elementor-icon-box-content\">\n\n\t\t\t\t\t\t\t\t\t<h6 class=\"elementor-icon-box-title\">\n\t\t\t\t\t\t<span  >\n\t\t\t\t\t\t\tComisi\u00f3n de Empresas de Servicios Mar\u00edtimos y Fluvial\t\t\t\t\t\t<\/span>\n\t\t\t\t\t<\/h6>\n\t\t\t\t\n\t\t\t\t\t\t\t\t\t<p class=\"elementor-icon-box-description\">\n\t\t\t\t\t\tAnalizar las necesidades, intereses y problem\u00e1ticas del sector productivo y desarrollar acciones y gestiones estrat\u00e9gicas que fomenten su fortalecimiento, crecimiento y sostenibilidad.\t\t\t\t\t<\/p>\n\t\t\t\t\n\t\t\t<\/div>\n\t\t\t\n\t\t<\/div>\n\t\t\t\t\t\t<\/div>\n\t\t\t\t<\/div>\n\t\t\t\t<div class=\"elementor-element elementor-element-f15637c elementor-view-stacked elementor-shape-rounded elementor-position-block-start elementor-mobile-position-block-start elementor-widget elementor-widget-icon-box\" data-id=\"f15637c\" data-element_type=\"widget\" data-e-type=\"widget\" data-widget_type=\"icon-box.default\">\n\t\t\t\t<div class=\"elementor-widget-container\">\n\t\t\t\t\t\t\t<div class=\"elementor-icon-box-wrapper\">\n\n\t\t\t\t\t\t<div class=\"elementor-icon-box-icon\">\n\t\t\t\t<span  class=\"elementor-icon\">\n\t\t\t\t<svg aria-hidden=\"true\" class=\"e-font-icon-svg e-fas-male\" viewBox=\"0 0 192 512\" xmlns=\"http:\/\/www.w3.org\/2000\/svg\"><path d=\"M96 0c35.346 0 64 28.654 64 64s-28.654 64-64 64-64-28.654-64-64S60.654 0 96 0m48 144h-11.36c-22.711 10.443-49.59 10.894-73.28 0H48c-26.51 0-48 21.49-48 48v136c0 13.255 10.745 24 24 24h16v136c0 13.255 10.745 24 24 24h64c13.255 0 24-10.745 24-24V352h16c13.255 0 24-10.745 24-24V192c0-26.51-21.49-48-48-48z\"><\/path><\/svg>\t\t\t\t<\/span>\n\t\t\t<\/div>\n\t\t\t\n\t\t\t\t\t\t<div class=\"elementor-icon-box-content\">\n\n\t\t\t\t\t\t\t\t\t<h6 class=\"elementor-icon-box-title\">\n\t\t\t\t\t\t<span  >\n\t\t\t\t\t\t\tComisi\u00f3n de Capital Humano\t\t\t\t\t\t<\/span>\n\t\t\t\t\t<\/h6>\n\t\t\t\t\n\t\t\t\t\t\t\t\t\t<p class=\"elementor-icon-box-description\">\n\t\t\t\t\t\tAnalizar y dar respuesta de forma colaborativa a los diferentes procesos de RRHH en materia de Capacitaci\u00f3n, Desarrollo Interno, Gesti\u00f3n de Desempe\u00f1o, Remuneraciones y Compensaciones, entre otros temas.\t\t\t\t\t<\/p>\n\t\t\t\t\n\t\t\t<\/div>\n\t\t\t\n\t\t<\/div>\n\t\t\t\t\t\t<\/div>\n\t\t\t\t<\/div>\n\t\t\t\t<div class=\"elementor-element elementor-element-bf9d225 elementor-view-stacked elementor-shape-rounded elementor-position-block-start elementor-mobile-position-block-start elementor-widget elementor-widget-icon-box\" data-id=\"bf9d225\" data-element_type=\"widget\" data-e-type=\"widget\" data-widget_type=\"icon-box.default\">\n\t\t\t\t<div class=\"elementor-widget-container\">\n\t\t\t\t\t\t\t<div class=\"elementor-icon-box-wrapper\">\n\n\t\t\t\t\t\t<div class=\"elementor-icon-box-icon\">\n\t\t\t\t<span  class=\"elementor-icon\">\n\t\t\t\t<svg aria-hidden=\"true\" class=\"e-font-icon-svg e-fas-ambulance\" viewBox=\"0 0 640 512\" xmlns=\"http:\/\/www.w3.org\/2000\/svg\"><path d=\"M624 352h-16V243.9c0-12.7-5.1-24.9-14.1-33.9L494 110.1c-9-9-21.2-14.1-33.9-14.1H416V48c0-26.5-21.5-48-48-48H48C21.5 0 0 21.5 0 48v320c0 26.5 21.5 48 48 48h16c0 53 43 96 96 96s96-43 96-96h128c0 53 43 96 96 96s96-43 96-96h48c8.8 0 16-7.2 16-16v-32c0-8.8-7.2-16-16-16zM160 464c-26.5 0-48-21.5-48-48s21.5-48 48-48 48 21.5 48 48-21.5 48-48 48zm144-248c0 4.4-3.6 8-8 8h-56v56c0 4.4-3.6 8-8 8h-48c-4.4 0-8-3.6-8-8v-56h-56c-4.4 0-8-3.6-8-8v-48c0-4.4 3.6-8 8-8h56v-56c0-4.4 3.6-8 8-8h48c4.4 0 8 3.6 8 8v56h56c4.4 0 8 3.6 8 8v48zm176 248c-26.5 0-48-21.5-48-48s21.5-48 48-48 48 21.5 48 48-21.5 48-48 48zm80-208H416V144h44.1l99.9 99.9V256z\"><\/path><\/svg>\t\t\t\t<\/span>\n\t\t\t<\/div>\n\t\t\t\n\t\t\t\t\t\t<div class=\"elementor-icon-box-content\">\n\n\t\t\t\t\t\t\t\t\t<h6 class=\"elementor-icon-box-title\">\n\t\t\t\t\t\t<span  >\n\t\t\t\t\t\t\tComisi\u00f3n de Servicios M\u00e9dicos\t\t\t\t\t\t<\/span>\n\t\t\t\t\t<\/h6>\n\t\t\t\t\n\t\t\t\t\t\t\t\t\t<p class=\"elementor-icon-box-description\">\n\t\t\t\t\t\tAnalizar y abordar en conjunto la prevenci\u00f3n y promoci\u00f3n de la salud de los trabajadores. Participar en capacitaciones y desarrollar propuestas de implementaci\u00f3n conjunta para mejorar los sistemas de ingreso de personal, el trabajo seguro y la atenci\u00f3n de emergencias y urgencias.\t\t\t\t\t<\/p>\n\t\t\t\t\n\t\t\t<\/div>\n\t\t\t\n\t\t<\/div>\n\t\t\t\t\t\t<\/div>\n\t\t\t\t<\/div>\n\t\t\t\t<div class=\"elementor-element elementor-element-142bc76 elementor-view-stacked elementor-shape-rounded elementor-position-block-start elementor-mobile-position-block-start elementor-widget elementor-widget-icon-box\" data-id=\"142bc76\" data-element_type=\"widget\" data-e-type=\"widget\" data-widget_type=\"icon-box.default\">\n\t\t\t\t<div class=\"elementor-widget-container\">\n\t\t\t\t\t\t\t<div class=\"elementor-icon-box-wrapper\">\n\n\t\t\t\t\t\t<div class=\"elementor-icon-box-icon\">\n\t\t\t\t<span  class=\"elementor-icon\">\n\t\t\t\t<svg aria-hidden=\"true\" class=\"e-font-icon-svg e-fas-female\" viewBox=\"0 0 256 512\" xmlns=\"http:\/\/www.w3.org\/2000\/svg\"><path d=\"M128 0c35.346 0 64 28.654 64 64s-28.654 64-64 64c-35.346 0-64-28.654-64-64S92.654 0 128 0m119.283 354.179l-48-192A24 24 0 0 0 176 144h-11.36c-22.711 10.443-49.59 10.894-73.28 0H80a24 24 0 0 0-23.283 18.179l-48 192C4.935 369.305 16.383 384 32 384h56v104c0 13.255 10.745 24 24 24h32c13.255 0 24-10.745 24-24V384h56c15.591 0 27.071-14.671 23.283-29.821z\"><\/path><\/svg>\t\t\t\t<\/span>\n\t\t\t<\/div>\n\t\t\t\n\t\t\t\t\t\t<div class=\"elementor-icon-box-content\">\n\n\t\t\t\t\t\t\t\t\t<h6 class=\"elementor-icon-box-title\">\n\t\t\t\t\t\t<span  >\n\t\t\t\t\t\t\tComisi\u00f3n de Mujeres Profesionales y Empresarias\t\t\t\t\t\t<\/span>\n\t\t\t\t\t<\/h6>\n\t\t\t\t\n\t\t\t\t\t\t\t\t\t<p class=\"elementor-icon-box-description\">\n\t\t\t\t\t\tImpulsar acciones que promuevan el desarrollo personal y profesional de las mujeres que integran la comisi\u00f3n, fortaleciendo sus capacidades y su participaci\u00f3n.\t\t\t\t\t<\/p>\n\t\t\t\t\n\t\t\t<\/div>\n\t\t\t\n\t\t<\/div>\n\t\t\t\t\t\t<\/div>\n\t\t\t\t<\/div>\n\t\t\t\t\t<\/div>\n\t\t<\/div>\n\t\t\t\t<div class=\"elementor-column elementor-col-33 elementor-top-column elementor-element elementor-element-fd53f5b\" data-id=\"fd53f5b\" data-element_type=\"column\" data-e-type=\"column\">\n\t\t\t<div class=\"elementor-widget-wrap elementor-element-populated\">\n\t\t\t\t\t\t<div class=\"elementor-element elementor-element-0019853 elementor-view-stacked elementor-shape-rounded elementor-position-block-start elementor-mobile-position-block-start elementor-widget elementor-widget-icon-box\" data-id=\"0019853\" data-element_type=\"widget\" data-e-type=\"widget\" data-widget_type=\"icon-box.default\">\n\t\t\t\t<div class=\"elementor-widget-container\">\n\t\t\t\t\t\t\t<div class=\"elementor-icon-box-wrapper\">\n\n\t\t\t\t\t\t<div class=\"elementor-icon-box-icon\">\n\t\t\t\t<span  class=\"elementor-icon\">\n\t\t\t\t<svg aria-hidden=\"true\" class=\"e-font-icon-svg e-fas-shield-alt\" viewBox=\"0 0 512 512\" xmlns=\"http:\/\/www.w3.org\/2000\/svg\"><path d=\"M466.5 83.7l-192-80a48.15 48.15 0 0 0-36.9 0l-192 80C27.7 91.1 16 108.6 16 128c0 198.5 114.5 335.7 221.5 380.3 11.8 4.9 25.1 4.9 36.9 0C360.1 472.6 496 349.3 496 128c0-19.4-11.7-36.9-29.5-44.3zM256.1 446.3l-.1-381 175.9 73.3c-3.3 151.4-82.1 261.1-175.8 307.7z\"><\/path><\/svg>\t\t\t\t<\/span>\n\t\t\t<\/div>\n\t\t\t\n\t\t\t\t\t\t<div class=\"elementor-icon-box-content\">\n\n\t\t\t\t\t\t\t\t\t<h6 class=\"elementor-icon-box-title\">\n\t\t\t\t\t\t<span  >\n\t\t\t\t\t\t\tComisi\u00f3n de Salud, Seguridad e Higiene Industrial\t\t\t\t\t\t<\/span>\n\t\t\t\t\t<\/h6>\n\t\t\t\t\n\t\t\t\t\t\t\t\t\t<p class=\"elementor-icon-box-description\">\n\t\t\t\t\t\tAnalizar y abordar temas t\u00e9cnicos de Seguridad e Higiene Industrial. Impulsar la mejora de procesos, el desarrollo de buenas pr\u00e1cticas, la prevenci\u00f3n de siniestros, la gesti\u00f3n de emergencias y la capacitaci\u00f3n de personal.\t\t\t\t\t<\/p>\n\t\t\t\t\n\t\t\t<\/div>\n\t\t\t\n\t\t<\/div>\n\t\t\t\t\t\t<\/div>\n\t\t\t\t<\/div>\n\t\t\t\t<div class=\"elementor-element elementor-element-48b0832 elementor-view-stacked elementor-shape-rounded elementor-position-block-start elementor-mobile-position-block-start elementor-widget elementor-widget-icon-box\" data-id=\"48b0832\" data-element_type=\"widget\" data-e-type=\"widget\" data-widget_type=\"icon-box.default\">\n\t\t\t\t<div class=\"elementor-widget-container\">\n\t\t\t\t\t\t\t<div class=\"elementor-icon-box-wrapper\">\n\n\t\t\t\t\t\t<div class=\"elementor-icon-box-icon\">\n\t\t\t\t<span  class=\"elementor-icon\">\n\t\t\t\t<svg aria-hidden=\"true\" class=\"e-font-icon-svg e-fas-star\" viewBox=\"0 0 576 512\" xmlns=\"http:\/\/www.w3.org\/2000\/svg\"><path d=\"M259.3 17.8L194 150.2 47.9 171.5c-26.2 3.8-36.7 36.1-17.7 54.6l105.7 103-25 145.5c-4.5 26.3 23.2 46 46.4 33.7L288 439.6l130.7 68.7c23.2 12.2 50.9-7.4 46.4-33.7l-25-145.5 105.7-103c19-18.5 8.5-50.8-17.7-54.6L382 150.2 316.7 17.8c-11.7-23.6-45.6-23.9-57.4 0z\"><\/path><\/svg>\t\t\t\t<\/span>\n\t\t\t<\/div>\n\t\t\t\n\t\t\t\t\t\t<div class=\"elementor-icon-box-content\">\n\n\t\t\t\t\t\t\t\t\t<h6 class=\"elementor-icon-box-title\">\n\t\t\t\t\t\t<span  >\n\t\t\t\t\t\t\tComisi\u00f3n de Seguridad Patrimonial\t\t\t\t\t\t<\/span>\n\t\t\t\t\t<\/h6>\n\t\t\t\t\n\t\t\t\t\t\t\t\t\t<p class=\"elementor-icon-box-description\">\n\t\t\t\t\t\tGestionar la protecci\u00f3n de los bienes patrimoniales de las empresas asociadas, desarrollando acciones preventivas junto a las fuerzas de seguridad y compartiendo alertas sobre posibles incidentes o hurtos.\t\t\t\t\t<\/p>\n\t\t\t\t\n\t\t\t<\/div>\n\t\t\t\n\t\t<\/div>\n\t\t\t\t\t\t<\/div>\n\t\t\t\t<\/div>\n\t\t\t\t<div class=\"elementor-element elementor-element-55dd83d elementor-view-stacked elementor-shape-rounded elementor-position-block-start elementor-mobile-position-block-start elementor-widget elementor-widget-icon-box\" data-id=\"55dd83d\" data-element_type=\"widget\" data-e-type=\"widget\" data-widget_type=\"icon-box.default\">\n\t\t\t\t<div class=\"elementor-widget-container\">\n\t\t\t\t\t\t\t<div class=\"elementor-icon-box-wrapper\">\n\n\t\t\t\t\t\t<div class=\"elementor-icon-box-icon\">\n\t\t\t\t<span  class=\"elementor-icon\">\n\t\t\t\t<svg aria-hidden=\"true\" class=\"e-font-icon-svg e-fas-cloud-meatball\" viewBox=\"0 0 512 512\" xmlns=\"http:\/\/www.w3.org\/2000\/svg\"><path d=\"M48 352c-26.5 0-48 21.5-48 48s21.5 48 48 48 48-21.5 48-48-21.5-48-48-48zm416 0c-26.5 0-48 21.5-48 48s21.5 48 48 48 48-21.5 48-48-21.5-48-48-48zm-119 11.1c4.6-14.5 1.6-30.8-9.8-42.3-11.5-11.5-27.8-14.4-42.3-9.9-7-13.5-20.7-23-36.9-23s-29.9 9.5-36.9 23c-14.5-4.6-30.8-1.6-42.3 9.9-11.5 11.5-14.4 27.8-9.9 42.3-13.5 7-23 20.7-23 36.9s9.5 29.9 23 36.9c-4.6 14.5-1.6 30.8 9.9 42.3 8.2 8.2 18.9 12.3 29.7 12.3 4.3 0 8.5-1.1 12.6-2.5 7 13.5 20.7 23 36.9 23s29.9-9.5 36.9-23c4.1 1.3 8.3 2.5 12.6 2.5 10.8 0 21.5-4.1 29.7-12.3 11.5-11.5 14.4-27.8 9.8-42.3 13.5-7 23-20.7 23-36.9s-9.5-29.9-23-36.9zM512 224c0-53-43-96-96-96-.6 0-1.1.2-1.6.2 1.1-5.2 1.6-10.6 1.6-16.2 0-44.2-35.8-80-80-80-24.6 0-46.3 11.3-61 28.8C256.4 24.8 219.3 0 176 0 114.1 0 64 50.1 64 112c0 7.3.8 14.3 2.1 21.2C27.8 145.8 0 181.5 0 224c0 53 43 96 96 96h43.4c3.6-8 8.4-15.4 14.8-21.8 13.5-13.5 31.5-21.1 50.8-21.3 13.5-13.2 31.7-20.9 51-20.9s37.5 7.7 51 20.9c19.3.2 37.3 7.8 50.8 21.3 6.4 6.4 11.3 13.8 14.8 21.8H416c53 0 96-43 96-96z\"><\/path><\/svg>\t\t\t\t<\/span>\n\t\t\t<\/div>\n\t\t\t\n\t\t\t\t\t\t<div class=\"elementor-icon-box-content\">\n\n\t\t\t\t\t\t\t\t\t<h6 class=\"elementor-icon-box-title\">\n\t\t\t\t\t\t<span  >\n\t\t\t\t\t\t\tComisi\u00f3n de Medio Ambiente\t\t\t\t\t\t<\/span>\n\t\t\t\t\t<\/h6>\n\t\t\t\t\n\t\t\t\t\t\t\t\t\t<p class=\"elementor-icon-box-description\">\n\t\t\t\t\t\tAnalizar y abordar las tem\u00e1ticas ambientales, promoviendo buenas pr\u00e1cticas y acciones que impulsen el desarrollo sustentable. Coordinar el Programa de Monitoreo Continuo de la Calidad de Aire del Cord\u00f3n Industrial, bajo la \u00f3rbita de la C\u00e1mara.\t\t\t\t\t<\/p>\n\t\t\t\t\n\t\t\t<\/div>\n\t\t\t\n\t\t<\/div>\n\t\t\t\t\t\t<\/div>\n\t\t\t\t<\/div>\n\t\t\t\t<div class=\"elementor-element elementor-element-5865263 elementor-view-stacked elementor-shape-rounded elementor-position-block-start elementor-mobile-position-block-start elementor-widget elementor-widget-icon-box\" data-id=\"5865263\" data-element_type=\"widget\" data-e-type=\"widget\" data-widget_type=\"icon-box.default\">\n\t\t\t\t<div class=\"elementor-widget-container\">\n\t\t\t\t\t\t\t<div class=\"elementor-icon-box-wrapper\">\n\n\t\t\t\t\t\t<div class=\"elementor-icon-box-icon\">\n\t\t\t\t<span  class=\"elementor-icon\">\n\t\t\t\t<svg aria-hidden=\"true\" class=\"e-font-icon-svg e-far-handshake\" viewBox=\"0 0 640 512\" xmlns=\"http:\/\/www.w3.org\/2000\/svg\"><path d=\"M519.2 127.9l-47.6-47.6A56.252 56.252 0 0 0 432 64H205.2c-14.8 0-29.1 5.9-39.6 16.3L118 127.9H0v255.7h64c17.6 0 31.8-14.2 31.9-31.7h9.1l84.6 76.4c30.9 25.1 73.8 25.7 105.6 3.8 12.5 10.8 26 15.9 41.1 15.9 18.2 0 35.3-7.4 48.8-24 22.1 8.7 48.2 2.6 64-16.8l26.2-32.3c5.6-6.9 9.1-14.8 10.9-23h57.9c.1 17.5 14.4 31.7 31.9 31.7h64V127.9H519.2zM48 351.6c-8.8 0-16-7.2-16-16s7.2-16 16-16 16 7.2 16 16c0 8.9-7.2 16-16 16zm390-6.9l-26.1 32.2c-2.8 3.4-7.8 4-11.3 1.2l-23.9-19.4-30 36.5c-6 7.3-15 4.8-18 2.4l-36.8-31.5-15.6 19.2c-13.9 17.1-39.2 19.7-55.3 6.6l-97.3-88H96V175.8h41.9l61.7-61.6c2-.8 3.7-1.5 5.7-2.3H262l-38.7 35.5c-29.4 26.9-31.1 72.3-4.4 101.3 14.8 16.2 61.2 41.2 101.5 4.4l8.2-7.5 108.2 87.8c3.4 2.8 3.9 7.9 1.2 11.3zm106-40.8h-69.2c-2.3-2.8-4.9-5.4-7.7-7.7l-102.7-83.4 12.5-11.4c6.5-6 7-16.1 1-22.6L367 167.1c-6-6.5-16.1-6.9-22.6-1l-55.2 50.6c-9.5 8.7-25.7 9.4-34.6 0-9.3-9.9-8.5-25.1 1.2-33.9l65.6-60.1c7.4-6.8 17-10.5 27-10.5l83.7-.2c2.1 0 4.1.8 5.5 2.3l61.7 61.6H544v128zm48 47.7c-8.8 0-16-7.2-16-16s7.2-16 16-16 16 7.2 16 16c0 8.9-7.2 16-16 16z\"><\/path><\/svg>\t\t\t\t<\/span>\n\t\t\t<\/div>\n\t\t\t\n\t\t\t\t\t\t<div class=\"elementor-icon-box-content\">\n\n\t\t\t\t\t\t\t\t\t<h6 class=\"elementor-icon-box-title\">\n\t\t\t\t\t\t<span  >\n\t\t\t\t\t\t\tComisi\u00f3n de Compras\t\t\t\t\t\t<\/span>\n\t\t\t\t\t<\/h6>\n\t\t\t\t\n\t\t\t\t\t\t\t\t\t<p class=\"elementor-icon-box-description\">\n\t\t\t\t\t\tAnalizar y dar respuesta de forma conjunta a las tem\u00e1ticas referidas a los procesos de compra y contrataci\u00f3n que las industrias asociadas desarrollan.\t\t\t\t\t<\/p>\n\t\t\t\t\n\t\t\t<\/div>\n\t\t\t\n\t\t<\/div>\n\t\t\t\t\t\t<\/div>\n\t\t\t\t<\/div>\n\t\t\t\t\t<\/div>\n\t\t<\/div>\n\t\t\t\t<div class=\"elementor-column elementor-col-33 elementor-top-column elementor-element elementor-element-767b257\" data-id=\"767b257\" data-element_type=\"column\" data-e-type=\"column\">\n\t\t\t<div class=\"elementor-widget-wrap elementor-element-populated\">\n\t\t\t\t\t\t<div class=\"elementor-element elementor-element-7e9a9b8 elementor-view-stacked elementor-shape-rounded elementor-position-block-start elementor-mobile-position-block-start elementor-widget elementor-widget-icon-box\" data-id=\"7e9a9b8\" data-element_type=\"widget\" data-e-type=\"widget\" data-widget_type=\"icon-box.default\">\n\t\t\t\t<div class=\"elementor-widget-container\">\n\t\t\t\t\t\t\t<div class=\"elementor-icon-box-wrapper\">\n\n\t\t\t\t\t\t<div class=\"elementor-icon-box-icon\">\n\t\t\t\t<span  class=\"elementor-icon\">\n\t\t\t\t<svg aria-hidden=\"true\" class=\"e-font-icon-svg e-fas-award\" viewBox=\"0 0 384 512\" xmlns=\"http:\/\/www.w3.org\/2000\/svg\"><path d=\"M97.12 362.63c-8.69-8.69-4.16-6.24-25.12-11.85-9.51-2.55-17.87-7.45-25.43-13.32L1.2 448.7c-4.39 10.77 3.81 22.47 15.43 22.03l52.69-2.01L105.56 507c8 8.44 22.04 5.81 26.43-4.96l52.05-127.62c-10.84 6.04-22.87 9.58-35.31 9.58-19.5 0-37.82-7.59-51.61-21.37zM382.8 448.7l-45.37-111.24c-7.56 5.88-15.92 10.77-25.43 13.32-21.07 5.64-16.45 3.18-25.12 11.85-13.79 13.78-32.12 21.37-51.62 21.37-12.44 0-24.47-3.55-35.31-9.58L252 502.04c4.39 10.77 18.44 13.4 26.43 4.96l36.25-38.28 52.69 2.01c11.62.44 19.82-11.27 15.43-22.03zM263 340c15.28-15.55 17.03-14.21 38.79-20.14 13.89-3.79 24.75-14.84 28.47-28.98 7.48-28.4 5.54-24.97 25.95-45.75 10.17-10.35 14.14-25.44 10.42-39.58-7.47-28.38-7.48-24.42 0-52.83 3.72-14.14-.25-29.23-10.42-39.58-20.41-20.78-18.47-17.36-25.95-45.75-3.72-14.14-14.58-25.19-28.47-28.98-27.88-7.61-24.52-5.62-44.95-26.41-10.17-10.35-25-14.4-38.89-10.61-27.87 7.6-23.98 7.61-51.9 0-13.89-3.79-28.72.25-38.89 10.61-20.41 20.78-17.05 18.8-44.94 26.41-13.89 3.79-24.75 14.84-28.47 28.98-7.47 28.39-5.54 24.97-25.95 45.75-10.17 10.35-14.15 25.44-10.42 39.58 7.47 28.36 7.48 24.4 0 52.82-3.72 14.14.25 29.23 10.42 39.59 20.41 20.78 18.47 17.35 25.95 45.75 3.72 14.14 14.58 25.19 28.47 28.98C104.6 325.96 106.27 325 121 340c13.23 13.47 33.84 15.88 49.74 5.82a39.676 39.676 0 0 1 42.53 0c15.89 10.06 36.5 7.65 49.73-5.82zM97.66 175.96c0-53.03 42.24-96.02 94.34-96.02s94.34 42.99 94.34 96.02-42.24 96.02-94.34 96.02-94.34-42.99-94.34-96.02z\"><\/path><\/svg>\t\t\t\t<\/span>\n\t\t\t<\/div>\n\t\t\t\n\t\t\t\t\t\t<div class=\"elementor-icon-box-content\">\n\n\t\t\t\t\t\t\t\t\t<h6 class=\"elementor-icon-box-title\">\n\t\t\t\t\t\t<span  >\n\t\t\t\t\t\t\tComisi\u00f3n de J\u00f3venes Empresarios y Profesionales\t\t\t\t\t\t<\/span>\n\t\t\t\t\t<\/h6>\n\t\t\t\t\n\t\t\t\t\t\t\t\t\t<p class=\"elementor-icon-box-description\">\n\t\t\t\t\t\tBrindar a j\u00f3venes empresarios y profesionales de empresas asociadas un espacio propio para compartir inquietudes, y promover su desarrollo personal y profesional.\t\t\t\t\t<\/p>\n\t\t\t\t\n\t\t\t<\/div>\n\t\t\t\n\t\t<\/div>\n\t\t\t\t\t\t<\/div>\n\t\t\t\t<\/div>\n\t\t\t\t<div class=\"elementor-element elementor-element-e4114d7 elementor-view-stacked elementor-shape-rounded elementor-position-block-start elementor-mobile-position-block-start elementor-widget elementor-widget-icon-box\" data-id=\"e4114d7\" data-element_type=\"widget\" data-e-type=\"widget\" data-widget_type=\"icon-box.default\">\n\t\t\t\t<div class=\"elementor-widget-container\">\n\t\t\t\t\t\t\t<div class=\"elementor-icon-box-wrapper\">\n\n\t\t\t\t\t\t<div class=\"elementor-icon-box-icon\">\n\t\t\t\t<span  class=\"elementor-icon\">\n\t\t\t\t<svg aria-hidden=\"true\" class=\"e-font-icon-svg e-fas-mail-bulk\" viewBox=\"0 0 576 512\" xmlns=\"http:\/\/www.w3.org\/2000\/svg\"><path d=\"M160 448c-25.6 0-51.2-22.4-64-32-64-44.8-83.2-60.8-96-70.4V480c0 17.67 14.33 32 32 32h256c17.67 0 32-14.33 32-32V345.6c-12.8 9.6-32 25.6-96 70.4-12.8 9.6-38.4 32-64 32zm128-192H32c-17.67 0-32 14.33-32 32v16c25.6 19.2 22.4 19.2 115.2 86.4 9.6 6.4 28.8 25.6 44.8 25.6s35.2-19.2 44.8-22.4c92.8-67.2 89.6-67.2 115.2-86.4V288c0-17.67-14.33-32-32-32zm256-96H224c-17.67 0-32 14.33-32 32v32h96c33.21 0 60.59 25.42 63.71 57.82l.29-.22V416h192c17.67 0 32-14.33 32-32V192c0-17.67-14.33-32-32-32zm-32 128h-64v-64h64v64zm-352-96c0-35.29 28.71-64 64-64h224V32c0-17.67-14.33-32-32-32H96C78.33 0 64 14.33 64 32v192h96v-32z\"><\/path><\/svg>\t\t\t\t<\/span>\n\t\t\t<\/div>\n\t\t\t\n\t\t\t\t\t\t<div class=\"elementor-icon-box-content\">\n\n\t\t\t\t\t\t\t\t\t<h6 class=\"elementor-icon-box-title\">\n\t\t\t\t\t\t<span  >\n\t\t\t\t\t\t\tComisi\u00f3n de Comunicaci\u00f3n\t\t\t\t\t\t<\/span>\n\t\t\t\t\t<\/h6>\n\t\t\t\t\n\t\t\t\t\t\t\t\t\t<p class=\"elementor-icon-box-description\">\n\t\t\t\t\t\tFortalecer la vinculaci\u00f3n e integraci\u00f3n entre las empresas y la comunidad mediante proyectos e iniciativas de Sustentabilidad, en articulaci\u00f3n con la Fundaci\u00f3n Aportar. Ejecutar el programa \u201cCadena Productiva\u201d bajo la coordinaci\u00f3n de la Fundaci\u00f3n. \t\t\t\t\t<\/p>\n\t\t\t\t\n\t\t\t<\/div>\n\t\t\t\n\t\t<\/div>\n\t\t\t\t\t\t<\/div>\n\t\t\t\t<\/div>\n\t\t\t\t<div class=\"elementor-element elementor-element-a15aa12 elementor-view-stacked elementor-shape-rounded elementor-position-block-start elementor-mobile-position-block-start elementor-widget elementor-widget-icon-box\" data-id=\"a15aa12\" data-element_type=\"widget\" data-e-type=\"widget\" data-widget_type=\"icon-box.default\">\n\t\t\t\t<div class=\"elementor-widget-container\">\n\t\t\t\t\t\t\t<div class=\"elementor-icon-box-wrapper\">\n\n\t\t\t\t\t\t<div class=\"elementor-icon-box-icon\">\n\t\t\t\t<span  class=\"elementor-icon\">\n\t\t\t\t<svg aria-hidden=\"true\" class=\"e-font-icon-svg e-fas-id-card\" viewBox=\"0 0 576 512\" xmlns=\"http:\/\/www.w3.org\/2000\/svg\"><path d=\"M528 32H48C21.5 32 0 53.5 0 80v16h576V80c0-26.5-21.5-48-48-48zM0 432c0 26.5 21.5 48 48 48h480c26.5 0 48-21.5 48-48V128H0v304zm352-232c0-4.4 3.6-8 8-8h144c4.4 0 8 3.6 8 8v16c0 4.4-3.6 8-8 8H360c-4.4 0-8-3.6-8-8v-16zm0 64c0-4.4 3.6-8 8-8h144c4.4 0 8 3.6 8 8v16c0 4.4-3.6 8-8 8H360c-4.4 0-8-3.6-8-8v-16zm0 64c0-4.4 3.6-8 8-8h144c4.4 0 8 3.6 8 8v16c0 4.4-3.6 8-8 8H360c-4.4 0-8-3.6-8-8v-16zM176 192c35.3 0 64 28.7 64 64s-28.7 64-64 64-64-28.7-64-64 28.7-64 64-64zM67.1 396.2C75.5 370.5 99.6 352 128 352h8.2c12.3 5.1 25.7 8 39.8 8s27.6-2.9 39.8-8h8.2c28.4 0 52.5 18.5 60.9 44.2 3.2 9.9-5.2 19.8-15.6 19.8H82.7c-10.4 0-18.8-10-15.6-19.8z\"><\/path><\/svg>\t\t\t\t<\/span>\n\t\t\t<\/div>\n\t\t\t\n\t\t\t\t\t\t<div class=\"elementor-icon-box-content\">\n\n\t\t\t\t\t\t\t\t\t<h6 class=\"elementor-icon-box-title\">\n\t\t\t\t\t\t<span  >\n\t\t\t\t\t\t\tComisi\u00f3n de Pymes\t\t\t\t\t\t<\/span>\n\t\t\t\t\t<\/h6>\n\t\t\t\t\n\t\t\t\t\t\t\t\t\t<p class=\"elementor-icon-box-description\">\n\t\t\t\t\t\tAnalizar y abordar las problem\u00e1ticas, desaf\u00edos y oportunidades de las pymes asociadas, promoviendo su fortalecimiento, innovaci\u00f3n y competitividad. Fomentar el intercambio de experiencias, el acceso a herramientas de gesti\u00f3n y el desarrollo de estrategias que contribuyan al crecimiento de las empresas dentro del Cord\u00f3n Industrial.\t\t\t\t\t<\/p>\n\t\t\t\t\n\t\t\t<\/div>\n\t\t\t\n\t\t<\/div>\n\t\t\t\t\t\t<\/div>\n\t\t\t\t<\/div>\n\t\t\t\t<div class=\"elementor-element elementor-element-b311bc6 elementor-view-stacked elementor-shape-rounded elementor-position-block-start elementor-mobile-position-block-start elementor-widget elementor-widget-icon-box\" data-id=\"b311bc6\" data-element_type=\"widget\" data-e-type=\"widget\" data-widget_type=\"icon-box.default\">\n\t\t\t\t<div class=\"elementor-widget-container\">\n\t\t\t\t\t\t\t<div class=\"elementor-icon-box-wrapper\">\n\n\t\t\t\t\t\t<div class=\"elementor-icon-box-icon\">\n\t\t\t\t<span  class=\"elementor-icon\">\n\t\t\t\t<svg aria-hidden=\"true\" class=\"e-font-icon-svg e-fas-cogs\" viewBox=\"0 0 640 512\" xmlns=\"http:\/\/www.w3.org\/2000\/svg\"><path d=\"M512.1 191l-8.2 14.3c-3 5.3-9.4 7.5-15.1 5.4-11.8-4.4-22.6-10.7-32.1-18.6-4.6-3.8-5.8-10.5-2.8-15.7l8.2-14.3c-6.9-8-12.3-17.3-15.9-27.4h-16.5c-6 0-11.2-4.3-12.2-10.3-2-12-2.1-24.6 0-37.1 1-6 6.2-10.4 12.2-10.4h16.5c3.6-10.1 9-19.4 15.9-27.4l-8.2-14.3c-3-5.2-1.9-11.9 2.8-15.7 9.5-7.9 20.4-14.2 32.1-18.6 5.7-2.1 12.1.1 15.1 5.4l8.2 14.3c10.5-1.9 21.2-1.9 31.7 0L552 6.3c3-5.3 9.4-7.5 15.1-5.4 11.8 4.4 22.6 10.7 32.1 18.6 4.6 3.8 5.8 10.5 2.8 15.7l-8.2 14.3c6.9 8 12.3 17.3 15.9 27.4h16.5c6 0 11.2 4.3 12.2 10.3 2 12 2.1 24.6 0 37.1-1 6-6.2 10.4-12.2 10.4h-16.5c-3.6 10.1-9 19.4-15.9 27.4l8.2 14.3c3 5.2 1.9 11.9-2.8 15.7-9.5 7.9-20.4 14.2-32.1 18.6-5.7 2.1-12.1-.1-15.1-5.4l-8.2-14.3c-10.4 1.9-21.2 1.9-31.7 0zm-10.5-58.8c38.5 29.6 82.4-14.3 52.8-52.8-38.5-29.7-82.4 14.3-52.8 52.8zM386.3 286.1l33.7 16.8c10.1 5.8 14.5 18.1 10.5 29.1-8.9 24.2-26.4 46.4-42.6 65.8-7.4 8.9-20.2 11.1-30.3 5.3l-29.1-16.8c-16 13.7-34.6 24.6-54.9 31.7v33.6c0 11.6-8.3 21.6-19.7 23.6-24.6 4.2-50.4 4.4-75.9 0-11.5-2-20-11.9-20-23.6V418c-20.3-7.2-38.9-18-54.9-31.7L74 403c-10 5.8-22.9 3.6-30.3-5.3-16.2-19.4-33.3-41.6-42.2-65.7-4-10.9.4-23.2 10.5-29.1l33.3-16.8c-3.9-20.9-3.9-42.4 0-63.4L12 205.8c-10.1-5.8-14.6-18.1-10.5-29 8.9-24.2 26-46.4 42.2-65.8 7.4-8.9 20.2-11.1 30.3-5.3l29.1 16.8c16-13.7 34.6-24.6 54.9-31.7V57.1c0-11.5 8.2-21.5 19.6-23.5 24.6-4.2 50.5-4.4 76-.1 11.5 2 20 11.9 20 23.6v33.6c20.3 7.2 38.9 18 54.9 31.7l29.1-16.8c10-5.8 22.9-3.6 30.3 5.3 16.2 19.4 33.2 41.6 42.1 65.8 4 10.9.1 23.2-10 29.1l-33.7 16.8c3.9 21 3.9 42.5 0 63.5zm-117.6 21.1c59.2-77-28.7-164.9-105.7-105.7-59.2 77 28.7 164.9 105.7 105.7zm243.4 182.7l-8.2 14.3c-3 5.3-9.4 7.5-15.1 5.4-11.8-4.4-22.6-10.7-32.1-18.6-4.6-3.8-5.8-10.5-2.8-15.7l8.2-14.3c-6.9-8-12.3-17.3-15.9-27.4h-16.5c-6 0-11.2-4.3-12.2-10.3-2-12-2.1-24.6 0-37.1 1-6 6.2-10.4 12.2-10.4h16.5c3.6-10.1 9-19.4 15.9-27.4l-8.2-14.3c-3-5.2-1.9-11.9 2.8-15.7 9.5-7.9 20.4-14.2 32.1-18.6 5.7-2.1 12.1.1 15.1 5.4l8.2 14.3c10.5-1.9 21.2-1.9 31.7 0l8.2-14.3c3-5.3 9.4-7.5 15.1-5.4 11.8 4.4 22.6 10.7 32.1 18.6 4.6 3.8 5.8 10.5 2.8 15.7l-8.2 14.3c6.9 8 12.3 17.3 15.9 27.4h16.5c6 0 11.2 4.3 12.2 10.3 2 12 2.1 24.6 0 37.1-1 6-6.2 10.4-12.2 10.4h-16.5c-3.6 10.1-9 19.4-15.9 27.4l8.2 14.3c3 5.2 1.9 11.9-2.8 15.7-9.5 7.9-20.4 14.2-32.1 18.6-5.7 2.1-12.1-.1-15.1-5.4l-8.2-14.3c-10.4 1.9-21.2 1.9-31.7 0zM501.6 431c38.5 29.6 82.4-14.3 52.8-52.8-38.5-29.6-82.4 14.3-52.8 52.8z\"><\/path><\/svg>\t\t\t\t<\/span>\n\t\t\t<\/div>\n\t\t\t\n\t\t\t\t\t\t<div class=\"elementor-icon-box-content\">\n\n\t\t\t\t\t\t\t\t\t<h6 class=\"elementor-icon-box-title\">\n\t\t\t\t\t\t<span  >\n\t\t\t\t\t\t\tComisi\u00f3n de Log\u00edstica\t\t\t\t\t\t<\/span>\n\t\t\t\t\t<\/h6>\n\t\t\t\t\n\t\t\t\t\t\t\t\t\t<p class=\"elementor-icon-box-description\">\n\t\t\t\t\t\tAnalizar y abordar en conjunto las problem\u00e1ticas del tr\u00e1nsito pesado en la regi\u00f3n. Impulsar propuestas de obras y proyectos de mejora vial. Coordinar el Operativo Cosecha junto a autoridades viales y de seguridad, bajo la \u00f3rbita de la C\u00e1mara.\t\t\t\t\t<\/p>\n\t\t\t\t\n\t\t\t<\/div>\n\t\t\t\n\t\t<\/div>\n\t\t\t\t\t\t<\/div>\n\t\t\t\t<\/div>\n\t\t\t\t\t<\/div>\n\t\t<\/div>\n\t\t\t\t\t<\/div>\n\t\t<\/section>\n\t\t\t\t<section class=\"elementor-section elementor-top-section elementor-element elementor-element-0cb86e3 elementor-section-stretched elementor-section-boxed elementor-section-height-default elementor-section-height-default\" data-id=\"0cb86e3\" data-element_type=\"section\" data-e-type=\"section\" data-settings=\"{&quot;background_background&quot;:&quot;classic&quot;,&quot;stretch_section&quot;:&quot;section-stretched&quot;}\">\n\t\t\t\t\t\t<div class=\"elementor-container elementor-column-gap-default\">\n\t\t\t\t\t<div class=\"elementor-column elementor-col-50 elementor-top-column elementor-element elementor-element-1dc57a4\" data-id=\"1dc57a4\" data-element_type=\"column\" data-e-type=\"column\">\n\t\t\t<div class=\"elementor-widget-wrap elementor-element-populated\">\n\t\t\t\t\t\t<div class=\"elementor-element elementor-element-c0a38d9 elementor-widget elementor-widget-heading\" data-id=\"c0a38d9\" data-element_type=\"widget\" data-e-type=\"widget\" data-widget_type=\"heading.default\">\n\t\t\t\t<div class=\"elementor-widget-container\">\n\t\t\t\t\t<h2 class=\"elementor-heading-title elementor-size-default\">Asimismo, es parte de nuestra entidad:<\/h2>\t\t\t\t<\/div>\n\t\t\t\t<\/div>\n\t\t\t\t<div class=\"elementor-element elementor-element-e6dfe1c elementor-widget elementor-widget-text-editor\" data-id=\"e6dfe1c\" data-element_type=\"widget\" data-e-type=\"widget\" data-widget_type=\"text-editor.default\">\n\t\t\t\t<div class=\"elementor-widget-container\">\n\t\t\t\t\t\t\t\t\t<p><strong>C\u00e1mara de Comerciantes de la ciudad de San Lorenzo \u201cYo amo mi ciudad\u201d<\/strong>, es el \u00e1mbito en el que se aglutinan los comercios de esta localidad para el tratamiento de temas de inter\u00e9s com\u00fan, como, as\u00ed tambi\u00e9n, generar eventos y acciones de Marketing conjunta, como la \u201cHora Feliz\u201d, entre otros.<\/p>\t\t\t\t\t\t\t\t<\/div>\n\t\t\t\t<\/div>\n\t\t\t\t\t<\/div>\n\t\t<\/div>\n\t\t\t\t<div class=\"elementor-column elementor-col-50 elementor-top-column elementor-element elementor-element-b4e0152\" data-id=\"b4e0152\" data-element_type=\"column\" data-e-type=\"column\">\n\t\t\t<div class=\"elementor-widget-wrap elementor-element-populated\">\n\t\t\t\t\t\t<div class=\"elementor-element elementor-element-800375d elementor-widget elementor-widget-image\" data-id=\"800375d\" data-element_type=\"widget\" data-e-type=\"widget\" data-widget_type=\"image.default\">\n\t\t\t\t<div class=\"elementor-widget-container\">\n\t\t\t\t\t\t\t\t\t\t\t\t\t\t\t\t<a href=\"https:\/\/www.instagram.com\/yoamomiciudad.sanlorenzo\/\" target=\"_blank\">\n\t\t\t\t\t\t\t<img decoding=\"async\" src=\"https:\/\/www.camara-sl.org.ar\/website\/wp-content\/uploads\/elementor\/thumbs\/YAMIC-rly3zpuu82ukftczop485xts6qyevmc6yt65k3ldtw.jpg\" title=\"YAMIC\" alt=\"YAMIC\" loading=\"lazy\" \/>\t\t\t\t\t\t\t\t<\/a>\n\t\t\t\t\t\t\t\t\t\t\t\t\t\t\t<\/div>\n\t\t\t\t<\/div>\n\t\t\t\t\t<\/div>\n\t\t<\/div>\n\t\t\t\t\t<\/div>\n\t\t<\/section>\n\t\t\t\t<\/div>\n\t\t","protected":false},"excerpt":{"rendered":"<p>Comisiones Internas de Trabajo Las empresas asociadas participan en Comisiones de Trabajo, fortaleciendo su integraci\u00f3n y compromiso. En estos espacios, sus representantes debaten y definen lineamientos y pol\u00edticas sobre temas clave para el desarrollo del Cord\u00f3n Industrial. Comisi\u00f3n de Empresas de Servicios Mar\u00edtimos y Fluvial Analizar las necesidades, intereses y problem\u00e1ticas del sector productivo y [&hellip;]<\/p>\n","protected":false},"author":1,"featured_media":0,"parent":0,"menu_order":0,"comment_status":"closed","ping_status":"open","template":"","meta":{"_monsterinsights_skip_tracking":false,"_monsterinsights_sitenote_active":false,"_monsterinsights_sitenote_note":"","_monsterinsights_sitenote_category":0,"site-sidebar-layout":"default","site-content-layout":"","ast-site-content-layout":"default","site-content-style":"default","site-sidebar-style":"default","ast-global-header-display":"","ast-banner-title-visibility":"","ast-main-header-display":"","ast-hfb-above-header-display":"","ast-hfb-below-header-display":"","ast-hfb-mobile-header-display":"","site-post-title":"disabled","ast-breadcrumbs-content":"","ast-featured-img":"","footer-sml-layout":"","ast-disable-related-posts":"","theme-transparent-header-meta":"default","adv-header-id-meta":"","stick-header-meta":"","header-above-stick-meta":"","header-main-stick-meta":"","header-below-stick-meta":"","astra-migrate-meta-layouts":"set","ast-page-background-enabled":"default","ast-page-background-meta":{"desktop":{"background-color":"var(--ast-global-color-5)","background-image":"","background-repeat":"repeat","background-position":"center center","background-size":"auto","background-attachment":"scroll","background-type":"","background-media":"","overlay-type":"","overlay-color":"","overlay-opacity":"","overlay-gradient":""},"tablet":{"background-color":"","background-image":"","background-repeat":"repeat","background-position":"center center","background-size":"auto","background-attachment":"scroll","background-type":"","background-media":"","overlay-type":"","overlay-color":"","overlay-opacity":"","overlay-gradient":""},"mobile":{"background-color":"","background-image":"","background-repeat":"repeat","background-position":"center center","background-size":"auto","background-attachment":"scroll","background-type":"","background-media":"","overlay-type":"","overlay-color":"","overlay-opacity":"","overlay-gradient":""}},"ast-content-background-meta":{"desktop":{"background-color":"var(--ast-global-color-4)","background-image":"","background-repeat":"repeat","background-position":"center center","background-size":"auto","background-attachment":"scroll","background-type":"","background-media":"","overlay-type":"","overlay-color":"","overlay-opacity":"","overlay-gradient":""},"tablet":{"background-color":"var(--ast-global-color-4)","background-image":"","background-repeat":"repeat","background-position":"center center","background-size":"auto","background-attachment":"scroll","background-type":"","background-media":"","overlay-type":"","overlay-color":"","overlay-opacity":"","overlay-gradient":""},"mobile":{"background-color":"var(--ast-global-color-4)","background-image":"","background-repeat":"repeat","background-position":"center center","background-size":"auto","background-attachment":"scroll","background-type":"","background-media":"","overlay-type":"","overlay-color":"","overlay-opacity":"","overlay-gradient":""}},"footnotes":""},"class_list":["post-20","page","type-page","status-publish","hentry"],"aioseo_notices":[],"_links":{"self":[{"href":"https:\/\/www.camara-sl.org.ar\/website\/wp-json\/wp\/v2\/pages\/20","targetHints":{"allow":["GET"]}}],"collection":[{"href":"https:\/\/www.camara-sl.org.ar\/website\/wp-json\/wp\/v2\/pages"}],"about":[{"href":"https:\/\/www.camara-sl.org.ar\/website\/wp-json\/wp\/v2\/types\/page"}],"author":[{"embeddable":true,"href":"https:\/\/www.camara-sl.org.ar\/website\/wp-json\/wp\/v2\/users\/1"}],"replies":[{"embeddable":true,"href":"https:\/\/www.camara-sl.org.ar\/website\/wp-json\/wp\/v2\/comments?post=20"}],"version-history":[{"count":87,"href":"https:\/\/www.camara-sl.org.ar\/website\/wp-json\/wp\/v2\/pages\/20\/revisions"}],"predecessor-version":[{"id":9221,"href":"https:\/\/www.camara-sl.org.ar\/website\/wp-json\/wp\/v2\/pages\/20\/revisions\/9221"}],"wp:attachment":[{"href":"https:\/\/www.camara-sl.org.ar\/website\/wp-json\/wp\/v2\/media?parent=20"}],"curies":[{"name":"wp","href":"https:\/\/api.w.org\/{rel}","templated":true}]}}